{"id":420,"date":"2024-08-12T09:49:03","date_gmt":"2024-08-12T09:49:03","guid":{"rendered":"https:\/\/www.leviedellacqua.com\/fontane-di-baselie\/"},"modified":"2025-07-31T10:11:51","modified_gmt":"2025-07-31T10:11:51","slug":"fontane-di-baselie","status":"publish","type":"page","link":"https:\/\/www.leviedellacqua.com\/fu\/fontane-di-baselie\/","title":{"rendered":"Fontane di Baselie"},"content":{"rendered":"<p>[et_pb_section fb_built=&#8221;1&#8243; _builder_version=&#8221;4.27.0&#8243; _module_preset=&#8221;default&#8221; background_color=&#8221;RGBA(255,255,255,0)&#8221; use_background_color_gradient=&#8221;on&#8221; background_color_gradient_direction=&#8221;1deg&#8221; background_color_gradient_stops=&#8221;#ffffff 39%|rgba(0, 0, 0, 1) 100%&#8221; background_image=&#8221;https:\/\/www.leviedellacqua.com\/wp-content\/uploads\/2024\/08\/Fontana-Baselia-Forni-di-Sotto.jpg&#8221; global_colors_info=&#8221;{}&#8221;][et_pb_row _builder_version=&#8221;4.27.0&#8243; _module_preset=&#8221;default&#8221; custom_margin=&#8221;0px|||10%|false|false&#8221; custom_margin_tablet=&#8221;0px|||10%|false|false&#8221; custom_margin_phone=&#8221;0px||||false|false&#8221; custom_margin_last_edited=&#8221;on|phone&#8221; custom_padding=&#8221;0px|||0px|false|false&#8221; global_colors_info=&#8221;{}&#8221;][et_pb_column type=&#8221;4_4&#8243; _builder_version=&#8221;4.27.0&#8243; _module_preset=&#8221;default&#8221; global_colors_info=&#8221;{}&#8221;][et_pb_text _builder_version=&#8221;4.27.0&#8243; _module_preset=&#8221;default&#8221; text_font=&#8221;Georgia|800|||||||&#8221; text_text_color=&#8221;#FFFFFF&#8221; text_font_size=&#8221;86px&#8221; text_line_height=&#8221;1em&#8221; custom_margin=&#8221;||0px||false|false&#8221; custom_margin_tablet=&#8221;||0px||false|false&#8221; custom_margin_phone=&#8221;||0px||false|false&#8221; custom_margin_last_edited=&#8221;on|phone&#8221; text_font_size_tablet=&#8221;79px&#8221; text_font_size_phone=&#8221;53px&#8221; text_font_size_last_edited=&#8221;on|phone&#8221; global_colors_info=&#8221;{}&#8221;]<\/p>\n<p>Lis Stradis des Aghis<\/p>\n<p>[\/et_pb_text][et_pb_text _builder_version=&#8221;4.27.0&#8243; _module_preset=&#8221;default&#8221; text_font=&#8221;Atkinson Hyperlegible|800|||||||&#8221; text_text_color=&#8221;#eb5d45&#8243; text_font_size=&#8221;49px&#8221; text_line_height=&#8221;1em&#8221; custom_margin=&#8221;0px||||false|false&#8221; custom_padding=&#8221;0px||50%||false|false&#8221; custom_padding_tablet=&#8221;0px||50%||false|false&#8221; custom_padding_phone=&#8221;||52%||false|false&#8221; custom_padding_last_edited=&#8221;on|phone&#8221; text_font_size_tablet=&#8221;40px&#8221; text_font_size_phone=&#8221;44px&#8221; text_font_size_last_edited=&#8221;on|phone&#8221; global_colors_info=&#8221;{}&#8221;]<\/p>\n<p>La fontane di Baselie<\/p>\n<p>[\/et_pb_text][\/et_pb_column][\/et_pb_row][\/et_pb_section][et_pb_section fb_built=&#8221;1&#8243; _builder_version=&#8221;4.27.0&#8243; _module_preset=&#8221;default&#8221; background_color=&#8221;#fffdec&#8221; custom_padding=&#8221;0px||0px|||&#8221; global_colors_info=&#8221;{}&#8221;][et_pb_row _builder_version=&#8221;4.27.0&#8243; _module_preset=&#8221;default&#8221; width=&#8221;100%&#8221; max_width=&#8221;1441px&#8221; max_width_tablet=&#8221;90%&#8221; max_width_phone=&#8221;90%&#8221; max_width_last_edited=&#8221;on|desktop&#8221; custom_padding=&#8221;18px|||||&#8221; global_colors_info=&#8221;{}&#8221;][et_pb_column type=&#8221;4_4&#8243; _builder_version=&#8221;4.27.0&#8243; _module_preset=&#8221;default&#8221; global_colors_info=&#8221;{}&#8221;][et_pb_text _builder_version=&#8221;4.27.0&#8243; _module_preset=&#8221;default&#8221; text_font=&#8221;Atkinson Hyperlegible||||||||&#8221; text_text_color=&#8221;#283583&#8243; text_font_size=&#8221;11px&#8221; text_line_height=&#8221;1.2em&#8221; width=&#8221;100%&#8221; max_width=&#8221;100%&#8221; module_alignment=&#8221;right&#8221; custom_margin=&#8221;|0px||0px|false|false&#8221; custom_margin_tablet=&#8221;|0px||0px|false|false&#8221; custom_margin_phone=&#8221;0px||||false|false&#8221; custom_margin_last_edited=&#8221;on|phone&#8221; custom_padding=&#8221;0px|0px|1px|0px|false|false&#8221; text_font_size_tablet=&#8221;10px&#8221; text_font_size_phone=&#8221;9px&#8221; text_font_size_last_edited=&#8221;on|phone&#8221; global_colors_info=&#8221;{}&#8221;]<\/p>\n<p style=\"text-align: right;\"><strong>Fontane di Baselie \u2013 ai 2 di Avr\u00eel dal 1922<br \/><\/strong>A man \u00e7ampe, une femine cul ristiel (\u201crascjel\u201d) e imprescj di len par puart\u00e2 fen s\u00f9 pe schene (\u201cfiarcles\u201d). A man drete, une femine cul buin\u00e7 (\u201cag\u00e2i\u201d) e cui cjald\u00eers di ram (\u201ccjald\u00ears\u201d).  <br \/><em>Foto \u00a9 Paul Scheuermeier &#8211; Archivio AIS foto n\u00b0 0676 &#8211; Istituto di Lingue e Letterature Romanze e Biblioteca Karl Jaberg, Universit\u00e0 di Berna.<\/em><\/p>\n<p>[\/et_pb_text][\/et_pb_column][\/et_pb_row][\/et_pb_section][et_pb_section fb_built=&#8221;1&#8243; _builder_version=&#8221;4.27.0&#8243; _module_preset=&#8221;default&#8221; background_color=&#8221;#fffdec&#8221; custom_padding=&#8221;3px|||||&#8221; global_colors_info=&#8221;{}&#8221;][et_pb_row column_structure=&#8221;3_5,2_5&#8243; _builder_version=&#8221;4.27.0&#8243; _module_preset=&#8221;default&#8221; global_colors_info=&#8221;{}&#8221;][et_pb_column type=&#8221;3_5&#8243; _builder_version=&#8221;4.27.0&#8243; _module_preset=&#8221;default&#8221; global_colors_info=&#8221;{}&#8221;][et_pb_text _builder_version=&#8221;4.27.0&#8243; _module_preset=&#8221;default&#8221; text_font=&#8221;Atkinson Hyperlegible|700|||||||&#8221; text_text_color=&#8221;gcid-5c1d3618-0ead-4c08-94bf-fb49e5deafea&#8221; text_font_size=&#8221;53px&#8221; text_line_height=&#8221;1em&#8221; custom_margin=&#8221;||4%||false|false&#8221; custom_margin_tablet=&#8221;||4%||false|false&#8221; custom_margin_phone=&#8221;||12%||false|false&#8221; custom_margin_last_edited=&#8221;on|phone&#8221; text_font_size_tablet=&#8221;53px&#8221; text_font_size_phone=&#8221;44px&#8221; text_font_size_last_edited=&#8221;on|tablet&#8221; global_colors_info=&#8221;{%22gcid-5c1d3618-0ead-4c08-94bf-fb49e5deafea%22:%91%22text_text_color%22%93}&#8221;]<\/p>\n<p>Lis fontanis<\/p>\n<p>[\/et_pb_text][et_pb_text _builder_version=&#8221;4.27.0&#8243; _module_preset=&#8221;default&#8221; text_font=&#8221;Atkinson Hyperlegible||||||||&#8221; text_text_color=&#8221;#000000&#8243; text_font_size=&#8221;22px&#8221; text_line_height=&#8221;1.3em&#8221; global_colors_info=&#8221;{}&#8221;]<\/p>\n<p>Ogni borc al \u00e0 <strong>tal mie\u00e7 une fontane<\/strong> fate dal inzegn\u00eer Valentino Marioni tai agns 1830-1840: a son vascjis otagon\u00e2ls di <strong>piere calcarie<\/strong> di For Disot.<\/p>\n<p>La vascje princip\u00e2l e je fate di lastris vertic\u00e2ls tacadis dongje une cun ch\u00ea altre: tai borcs di <strong>V\u00eec e Tredul<\/strong> e je poiade parsore di un scjalin otagon\u00e2l, invezit a<strong> Baselie<\/strong>, suntune scjalinade circol\u00e2r salisade.<\/p>\n<p>Tal mie\u00e7 des fontanis, une colone e ten s\u00f9 une o d\u00f4s vascjutis, o un v\u00e2s di finiment parsore dal bacin plui grant, che a fasin un <strong>z\u00fbc di aghe<\/strong> prime che e coli j\u00f9 te vascje princip\u00e2l: di cul\u00ec, la aghe in plui e cor vie pai tubui che di sot tiere a rivin te roie plui dongje.<\/p>\n<p>Lis fonts storichis a documentin za tal 1771 une fontane te &#8220;<strong>Tavella di Baselia<\/strong>&#8220;, che e veve di jessi cirche l\u00e0 che vu\u00ea e je la place. La aghe e jere puartade dal acuedot midiant di tubui di len sbus\u00e2ts cun furducjis une vore lungjis e tign\u00fbts simpri comed\u00e2ts dai operaris comun\u00e2i che a tignivin di cont lis fontanis. <\/p>\n<p>[\/et_pb_text][\/et_pb_column][et_pb_column type=&#8221;2_5&#8243; _builder_version=&#8221;4.27.0&#8243; _module_preset=&#8221;default&#8221; global_colors_info=&#8221;{}&#8221;][et_pb_image src=&#8221;https:\/\/www.leviedellacqua.com\/wp-content\/uploads\/2024\/08\/Tredolo-forni-di-sotto.jpg&#8221; alt=&#8221;Fontane e Lavad\u00f4r di Tredol &#8211; 1931<br \/>\nCjasis cu lis tipichis lindis (loc. %22lindes%22) sul devant; in prin plan, la fontane cu la aghe corinte; da\u00fbr, un lavad\u00f4r public di ciment (loc. %22la lavandare%22).<br \/>\n&#8221; title_text=&#8221;Tredolo-forni-di-sotto&#8221; align_tablet=&#8221;center&#8221; align_phone=&#8221;center&#8221; align_last_edited=&#8221;on|tablet&#8221; _builder_version=&#8221;4.27.0&#8243; _module_preset=&#8221;default&#8221; global_colors_info=&#8221;{}&#8221;][\/et_pb_image][et_pb_text _builder_version=&#8221;4.27.0&#8243; _module_preset=&#8221;default&#8221; text_font=&#8221;Atkinson Hyperlegible||||||||&#8221; text_text_color=&#8221;#283583&#8243; text_font_size=&#8221;11px&#8221; text_line_height=&#8221;1.2em&#8221; width=&#8221;100%&#8221; width_tablet=&#8221;50%&#8221; width_phone=&#8221;70%&#8221; width_last_edited=&#8221;on|tablet&#8221; max_width=&#8221;100%&#8221; module_alignment=&#8221;right&#8221; custom_margin=&#8221;|0px||0px|false|false&#8221; custom_margin_tablet=&#8221;|0px||0px|false|false&#8221; custom_margin_phone=&#8221;0px||||false|false&#8221; custom_margin_last_edited=&#8221;on|phone&#8221; custom_padding=&#8221;0px|0px|1px|0px|false|false&#8221; text_font_size_tablet=&#8221;10px&#8221; text_font_size_phone=&#8221;9px&#8221; text_font_size_last_edited=&#8221;on|phone&#8221; module_alignment_tablet=&#8221;right&#8221; module_alignment_phone=&#8221;right&#8221; module_alignment_last_edited=&#8221;on|desktop&#8221; global_colors_info=&#8221;{}&#8221;]<\/p>\n<p style=\"text-align: right;\"><strong>Fontane e lavad\u00f4r di Tredol &#8211; 1931<\/strong><br \/>Cjasis cun devant i tipics pui\u00fbi e lis lindis; in prin plan, fontane cu la aghe che e cor, cun da\u00fbr il lavad\u00f4r public di ciment, clam\u00e2t cul\u00ec \u201clavandare\u201d<\/p>\n<p style=\"text-align: right;\">Foto e didascalie Paul Scheuermeier \u2013 Archivi AIS foto n. 2909 \u2013<br \/>Istit\u00fbt di Lenghis e Leteradure Neolatinis e Biblioteche Karl Jaberg, Universit\u00e2t di Berne.<\/p>\n<p>[\/et_pb_text][\/et_pb_column][\/et_pb_row][\/et_pb_section][et_pb_section fb_built=&#8221;1&#8243; custom_padding_last_edited=&#8221;on|desktop&#8221; _builder_version=&#8221;4.27.0&#8243; _module_preset=&#8221;default&#8221; background_color=&#8221;gcid-5c1d3618-0ead-4c08-94bf-fb49e5deafea&#8221; custom_margin=&#8221;||0px||false|false&#8221; custom_margin_tablet=&#8221;||0px||false|false&#8221; custom_margin_phone=&#8221;||0px||false|false&#8221; custom_margin_last_edited=&#8221;on|desktop&#8221; custom_padding=&#8221;||0%||false|false&#8221; custom_padding_tablet=&#8221;||3%||false|false&#8221; custom_padding_phone=&#8221;5%||||false|false&#8221; global_colors_info=&#8221;{%22gcid-5c1d3618-0ead-4c08-94bf-fb49e5deafea%22:%91%22background_color%22%93}&#8221;][et_pb_row column_structure=&#8221;1_3,1_3,1_3&#8243; use_custom_gutter=&#8221;on&#8221; gutter_width=&#8221;1&#8243; _builder_version=&#8221;4.27.0&#8243; _module_preset=&#8221;default&#8221; width=&#8221;100%&#8221; width_tablet=&#8221;76%&#8221; width_phone=&#8221;83%&#8221; width_last_edited=&#8221;on|tablet&#8221; max_width=&#8221;1920px&#8221; global_colors_info=&#8221;{}&#8221;][et_pb_column type=&#8221;1_3&#8243; _builder_version=&#8221;4.27.0&#8243; _module_preset=&#8221;default&#8221; global_colors_info=&#8221;{}&#8221;][et_pb_image src=&#8221;https:\/\/www.leviedellacqua.com\/wp-content\/uploads\/2024\/08\/terrazzo_3.png&#8221; title_text=&#8221;terrazzo_3&#8243; _builder_version=&#8221;4.27.0&#8243; _module_preset=&#8221;default&#8221; width=&#8221;73%&#8221; width_tablet=&#8221;73%&#8221; width_phone=&#8221;73%&#8221; width_last_edited=&#8221;on|tablet&#8221; module_alignment=&#8221;right&#8221; global_colors_info=&#8221;{}&#8221;][\/et_pb_image][\/et_pb_column][et_pb_column type=&#8221;1_3&#8243; _builder_version=&#8221;4.27.0&#8243; _module_preset=&#8221;default&#8221; global_colors_info=&#8221;{}&#8221;][et_pb_image src=&#8221;https:\/\/www.leviedellacqua.com\/wp-content\/uploads\/2024\/08\/terrazzo_1.png&#8221; title_text=&#8221;terrazzo_1&#8243; _builder_version=&#8221;4.27.0&#8243; _module_preset=&#8221;default&#8221; global_colors_info=&#8221;{}&#8221;][\/et_pb_image][\/et_pb_column][et_pb_column type=&#8221;1_3&#8243; _builder_version=&#8221;4.27.0&#8243; _module_preset=&#8221;default&#8221; global_colors_info=&#8221;{}&#8221;][et_pb_image src=&#8221;https:\/\/www.leviedellacqua.com\/wp-content\/uploads\/2024\/08\/terrazzo_2.png&#8221; title_text=&#8221;terrazzo_2&#8243; _builder_version=&#8221;4.27.0&#8243; _module_preset=&#8221;default&#8221; global_colors_info=&#8221;{}&#8221;][\/et_pb_image][et_pb_text _builder_version=&#8221;4.27.0&#8243; _module_preset=&#8221;default&#8221; text_font=&#8221;Atkinson Hyperlegible||||||||&#8221; text_text_color=&#8221;#FFFFFF&#8221; text_font_size=&#8221;11px&#8221; text_line_height=&#8221;1.2em&#8221; width=&#8221;60%&#8221; width_tablet=&#8221;50%&#8221; width_phone=&#8221;70%&#8221; width_last_edited=&#8221;on|tablet&#8221; max_width=&#8221;100%&#8221; module_alignment=&#8221;center&#8221; custom_margin=&#8221;|0px||0px|false|false&#8221; custom_margin_tablet=&#8221;|0px||0px|false|false&#8221; custom_margin_phone=&#8221;0px||||false|false&#8221; custom_margin_last_edited=&#8221;on|phone&#8221; custom_padding=&#8221;0px|0px|0px|0px|false|false&#8221; text_font_size_tablet=&#8221;10px&#8221; text_font_size_phone=&#8221;9px&#8221; text_font_size_last_edited=&#8221;on|phone&#8221; module_alignment_tablet=&#8221;right&#8221; module_alignment_phone=&#8221;right&#8221; module_alignment_last_edited=&#8221;on|desktop&#8221; global_colors_info=&#8221;{}&#8221;]<\/p>\n<p style=\"text-align: right;\"><strong>LINDIS TRAFORADIS &#8211; 1927 cirche<br \/><\/strong>Detais des cjasis di For Disot<br \/>1. Tredol &#8211; dal 1700 | 2. Tredol &#8211; moderni | 3. Tredol &#8211; dal 1700 |<br \/>4. Tredol &#8211; moderni  <\/p>\n<p style=\"text-align: right;\"><em>Disegni di Laura Candotti tratti dai rilievi di Giuseppe Barazzutti <\/em><\/p>\n<p>[\/et_pb_text][\/et_pb_column][\/et_pb_row][\/et_pb_section][et_pb_section fb_built=&#8221;1&#8243; _builder_version=&#8221;4.27.0&#8243; _module_preset=&#8221;default&#8221; background_color=&#8221;#fffdec&#8221; custom_padding=&#8221;3px|||||&#8221; global_colors_info=&#8221;{}&#8221;][et_pb_row _builder_version=&#8221;4.27.0&#8243; _module_preset=&#8221;default&#8221; custom_margin=&#8221;4%||0%||false|false&#8221; custom_margin_tablet=&#8221;4%||||false|false&#8221; custom_margin_phone=&#8221;5%||-5%||false|false&#8221; custom_margin_last_edited=&#8221;on|tablet&#8221; custom_padding=&#8221;0px||0px||false|false&#8221; global_colors_info=&#8221;{}&#8221;][et_pb_column type=&#8221;4_4&#8243; _builder_version=&#8221;4.27.0&#8243; _module_preset=&#8221;default&#8221; global_colors_info=&#8221;{}&#8221;][et_pb_text _builder_version=&#8221;4.27.0&#8243; _module_preset=&#8221;default&#8221; text_font=&#8221;Atkinson Hyperlegible|700|||||||&#8221; text_text_color=&#8221;gcid-5c1d3618-0ead-4c08-94bf-fb49e5deafea&#8221; text_font_size=&#8221;53px&#8221; custom_margin=&#8221;||1%||false|false&#8221; custom_margin_tablet=&#8221;||0%||false|false&#8221; custom_margin_phone=&#8221;6%||6%||false|false&#8221; custom_margin_last_edited=&#8221;on|phone&#8221; custom_padding_tablet=&#8221;||0px||false|false&#8221; custom_padding_phone=&#8221;||0px||false|false&#8221; custom_padding_last_edited=&#8221;on|tablet&#8221; text_font_size_tablet=&#8221;53px&#8221; text_font_size_phone=&#8221;44px&#8221; text_font_size_last_edited=&#8221;on|phone&#8221; text_line_height_tablet=&#8221;1em&#8221; text_line_height_phone=&#8221;1em&#8221; text_line_height_last_edited=&#8221;on|tablet&#8221; global_colors_info=&#8221;{%22gcid-5c1d3618-0ead-4c08-94bf-fb49e5deafea%22:%91%22text_text_color%22%93}&#8221;]<\/p>\n<p>Contest architetonic<\/p>\n<p>[\/et_pb_text][\/et_pb_column][\/et_pb_row][et_pb_row column_structure=&#8221;1_2,1_2&#8243; _builder_version=&#8221;4.27.0&#8243; _module_preset=&#8221;default&#8221; global_colors_info=&#8221;{}&#8221;][et_pb_column type=&#8221;1_2&#8243; _builder_version=&#8221;4.27.0&#8243; _module_preset=&#8221;default&#8221; global_colors_info=&#8221;{}&#8221;][et_pb_text _builder_version=&#8221;4.27.0&#8243; _module_preset=&#8221;default&#8221; text_font=&#8221;Atkinson Hyperlegible||||||||&#8221; text_text_color=&#8221;#000000&#8243; text_font_size=&#8221;22px&#8221; text_line_height=&#8221;1.3em&#8221; global_colors_info=&#8221;{}&#8221;]<\/p>\n<p>Prime dal grant f\u00fbc impi\u00e2t dai nazifassiscj che al \u00e0 fisc\u00e2t dut il pa\u00ees, cui che al cjalave ben lis cjasis di For Disot al notave un particol\u00e2r unic presint dome chi in dute la valade alpine dal Tiliment, ven a st\u00e2i il fat che <strong>si dopravin un grum di breis di len<\/strong> pes lindis e pes scjalis esternis cuviertis, tant che cualchi volte a taponavin parfin i m\u00fbrs fats di piere loc\u00e2l scuadrade. Chest al jere pussibil in graciis de <strong>abondance di legnam<\/strong> furn\u00eet dai boscs dulintor. <\/p>\n<p>Chestis struturis di len a vevin <strong>plui funzions<\/strong>: tes cjasis plui rustichis, che no vevin scjalis internis, a <strong>permetevin di riv\u00e2 tes stanziis dal prin plan<\/strong>.<br \/>Tes lindis si meteve a <strong>secj\u00e2 il fen<\/strong> di d\u00e2 di mangj\u00e2 aes bestiis cuant che al jere masse umit par lass\u00e2lu tai cjamps;  <\/p>\n<p>[\/et_pb_text][\/et_pb_column][et_pb_column type=&#8221;1_2&#8243; _builder_version=&#8221;4.27.0&#8243; _module_preset=&#8221;default&#8221; global_colors_info=&#8221;{}&#8221;][et_pb_text _builder_version=&#8221;4.27.0&#8243; _module_preset=&#8221;default&#8221; text_font=&#8221;Atkinson Hyperlegible||||||||&#8221; text_text_color=&#8221;#000000&#8243; text_font_size=&#8221;22px&#8221; text_line_height=&#8221;1.3em&#8221; global_colors_info=&#8221;{}&#8221;]<\/p>\n<p>in plui, stant che a jerin bande il soreli, al\u00ec si meteve a <strong>fin\u00ee di madressisi il sore\u00e2l<\/strong>, parc\u00e8 che il clime di chenti nol \u00e8 dal dut adat.<br \/>I pui\u00fbi a vevin<strong> breis traforadi<\/strong>s decoradis cun diferents dissens gjeometrics e rifinidis cun <strong>intais elegants<\/strong>. <\/p>\n<p>I cuvierts a jerin fats simpri di d\u00f4s alis p\u00f4c inclinadis, che a vignivin j\u00f9 in bande de cjase, tapon\u00e2ts cun<strong> scjandulis di len<\/strong>: une tipologjie di cuviert une vore difondude ancje in ch\u00eas altris valadis alpinis ocident\u00e2ls. Chescj cuvierts a duravin a dilunc, a jerin bogns di <strong>sopuart\u00e2 une vore di n\u00eaf<\/strong>, ma a cjapavin f\u00fbc cun facilit\u00e2t.  <\/p>\n<p>[\/et_pb_text][\/et_pb_column][\/et_pb_row][\/et_pb_section][et_pb_section fb_built=&#8221;1&#8243; _builder_version=&#8221;4.27.0&#8243; _module_preset=&#8221;default&#8221; background_color=&#8221;#fffdec&#8221; global_module=&#8221;211&#8243; saved_tabs=&#8221;all&#8221; global_colors_info=&#8221;{}&#8221;][et_pb_row _builder_version=&#8221;4.27.0&#8243; _module_preset=&#8221;default&#8221; custom_margin=&#8221;0px||||false|false&#8221; custom_padding=&#8221;0px||0px||false|false&#8221; global_colors_info=&#8221;{}&#8221;][et_pb_column type=&#8221;4_4&#8243; _builder_version=&#8221;4.27.0&#8243; _module_preset=&#8221;default&#8221; global_colors_info=&#8221;{}&#8221;][et_pb_text _builder_version=&#8221;4.27.0&#8243; _module_preset=&#8221;default&#8221; text_font=&#8221;Atkinson Hyperlegible||||||||&#8221; text_text_color=&#8221;#283583&#8243; text_font_size=&#8221;11px&#8221; text_line_height=&#8221;1.2em&#8221; width=&#8221;100%&#8221; width_tablet=&#8221;100%&#8221; width_phone=&#8221;100%&#8221; width_last_edited=&#8221;on|tablet&#8221; max_width=&#8221;100%&#8221; module_alignment=&#8221;right&#8221; custom_margin=&#8221;|0px||0px|false|false&#8221; custom_margin_tablet=&#8221;|0px||0px|false|false&#8221; custom_margin_phone=&#8221;0px|0px|-10%|0px|false|false&#8221; custom_margin_last_edited=&#8221;on|phone&#8221; custom_padding=&#8221;0px|0px|0px|0px|false|false&#8221; custom_padding_tablet=&#8221;0px||5%||false|false&#8221; custom_padding_phone=&#8221;0px||5%||false|false&#8221; custom_padding_last_edited=&#8221;on|phone&#8221; text_font_size_tablet=&#8221;10px&#8221; text_font_size_phone=&#8221;9px&#8221; text_font_size_last_edited=&#8221;on|phone&#8221; text_orientation_tablet=&#8221;&#8221; text_orientation_phone=&#8221;&#8221; text_orientation_last_edited=&#8221;on|tablet&#8221; module_alignment_tablet=&#8221;left&#8221; module_alignment_phone=&#8221;left&#8221; module_alignment_last_edited=&#8221;on|desktop&#8221; global_colors_info=&#8221;{}&#8221;]<\/p>\n<p style=\"text-align: left;\">Bibliografia:<br \/><strong>Polo E<\/strong>., Toponomastiche di For Disot. Comune di Forni di Sotto, 2003<br \/><strong>Polo E<\/strong>., Forni di Sotto Lotte Fatiche Opere nel 1800. Editrice Aura e Centro Cultura, 1989<br \/><strong>Polo E.<\/strong>, Vocabolari Fornez -Talian, 2018<br \/><strong>Scarin E<\/strong>., La casa rurale nel Friuli. C.N.R., 1943<br \/><strong>Bertossi S<\/strong>., Vecchie case dei Forni Savorgnani. Azienda Autonoma di Soggiorno e Turismo di Forni di Sopra, 1973<br \/>La Carnia di Antonelli &#8211; Ideologia e Realt\u00e0. Centro Editoriale Friulano, 1980<br \/><strong>Scheuermeier P<\/strong>., Il lavoro dei contadini. Cultura materiale e artigianato rurale in Italia e nella Svizzera italiana e retoromanza, Milano 1980, Edizioni Longanesi<\/p>\n<p style=\"text-align: left;\">\n<p style=\"text-align: left;\"><span>Copyright \u00a9 2024 Comune di Forni di Sotto. All Rights Reserved<\/span><\/p>\n<p>[\/et_pb_text][\/et_pb_column][\/et_pb_row][\/et_pb_section][et_pb_section fb_built=&#8221;1&#8243; module_id=&#8221;two-columns-mobile&#8221; _builder_version=&#8221;4.27.0&#8243; _module_preset=&#8221;default&#8221; custom_margin=&#8221;0px||||false|false&#8221; custom_padding=&#8221;0px||||false|false&#8221; saved_tabs=&#8221;all&#8221; global_colors_info=&#8221;{}&#8221;][et_pb_row column_structure=&#8221;1_3,1_3,1_3&#8243; _builder_version=&#8221;4.27.0&#8243; _module_preset=&#8221;default&#8221; module_alignment=&#8221;center&#8221; custom_margin=&#8221;||0px||false|false&#8221; custom_margin_tablet=&#8221;||0px||false|false&#8221; custom_margin_phone=&#8221;|0px||0px|false|false&#8221; custom_margin_last_edited=&#8221;on|phone&#8221; custom_padding=&#8221;|0px||0px|false|false&#8221; module_alignment_tablet=&#8221;center&#8221; module_alignment_phone=&#8221;center&#8221; module_alignment_last_edited=&#8221;on|desktop&#8221; custom_css_free_form=&#8221;two-columns-mobile&#8221; global_colors_info=&#8221;{}&#8221;][et_pb_column type=&#8221;1_3&#8243; _builder_version=&#8221;4.27.0&#8243; _module_preset=&#8221;default&#8221; global_colors_info=&#8221;{}&#8221;][et_pb_image src=&#8221;https:\/\/www.leviedellacqua.com\/wp-content\/uploads\/2024\/08\/Tavola-disegno-1-2.png&#8221; title_text=&#8221;Comune-Forni-di-Sotto&#8221; url=&#8221;https:\/\/www.comune.fornidisotto.ud.it\/&#8221; url_new_window=&#8221;on&#8221; align=&#8221;center&#8221; _builder_version=&#8221;4.27.0&#8243; _module_preset=&#8221;default&#8221; custom_margin=&#8221;0px|0px||-7px|false|false&#8221; custom_margin_tablet=&#8221;&#8221; custom_margin_phone=&#8221;0px|0px|-15px|0px|false|false&#8221; custom_margin_last_edited=&#8221;on|tablet&#8221; module_alignment_tablet=&#8221;&#8221; module_alignment_phone=&#8221;center&#8221; module_alignment_last_edited=&#8221;on|phone&#8221; global_colors_info=&#8221;{}&#8221;][\/et_pb_image][\/et_pb_column][et_pb_column type=&#8221;1_3&#8243; _builder_version=&#8221;4.27.0&#8243; _module_preset=&#8221;default&#8221; global_colors_info=&#8221;{}&#8221;][et_pb_image src=&#8221;https:\/\/www.leviedellacqua.com\/wp-content\/uploads\/2024\/08\/Tavola-disegno-1-copia.png&#8221; title_text=&#8221;Tavola disegno 1 copia&#8221; align=&#8221;center&#8221; align_tablet=&#8221;center&#8221; align_phone=&#8221;center&#8221; align_last_edited=&#8221;on|phone&#8221; _builder_version=&#8221;4.27.0&#8243; _module_preset=&#8221;default&#8221; custom_margin_tablet=&#8221;&#8221; custom_margin_phone=&#8221;-23px|||0px|false|false&#8221; custom_margin_last_edited=&#8221;on|tablet&#8221; custom_padding=&#8221;0px|||||&#8221; global_colors_info=&#8221;{}&#8221;][\/et_pb_image][\/et_pb_column][et_pb_column type=&#8221;1_3&#8243; _builder_version=&#8221;4.27.0&#8243; _module_preset=&#8221;default&#8221; global_colors_info=&#8221;{}&#8221;][et_pb_image src=&#8221;https:\/\/www.leviedellacqua.com\/wp-content\/uploads\/2024\/08\/Tavola-disegno-3.png&#8221; title_text=&#8221;Euro-leader&#8221; url=&#8221;http:\/\/www.euroleader.it\/&#8221; url_new_window=&#8221;on&#8221; show_bottom_space=&#8221;off&#8221; align=&#8221;center&#8221; align_tablet=&#8221;center&#8221; align_phone=&#8221;center&#8221; align_last_edited=&#8221;on|desktop&#8221; _builder_version=&#8221;4.27.0&#8243; _module_preset=&#8221;default&#8221; module_alignment=&#8221;center&#8221; custom_margin_tablet=&#8221;&#8221; custom_margin_phone=&#8221;-33px||-7px|0px|false|false&#8221; custom_margin_last_edited=&#8221;on|phone&#8221; custom_padding=&#8221;|0px||0px|false|false&#8221; custom_padding_tablet=&#8221;||||false|false&#8221; custom_padding_phone=&#8221;0px|0px||0%|false|false&#8221; custom_padding_last_edited=&#8221;on|desktop&#8221; module_alignment_tablet=&#8221;&#8221; module_alignment_phone=&#8221;center&#8221; module_alignment_last_edited=&#8221;on|phone&#8221; global_colors_info=&#8221;{}&#8221;][\/et_pb_image][\/et_pb_column][\/et_pb_row][et_pb_row column_structure=&#8221;1_2,1_2&#8243; _builder_version=&#8221;4.27.0&#8243; _module_preset=&#8221;default&#8221; module_alignment=&#8221;center&#8221; custom_padding=&#8221;2px|||||&#8221; module_alignment_tablet=&#8221;center&#8221; module_alignment_phone=&#8221;center&#8221; module_alignment_last_edited=&#8221;on|desktop&#8221; custom_css_free_form=&#8221;two-columns-mobile&#8221; global_colors_info=&#8221;{}&#8221;][et_pb_column type=&#8221;1_2&#8243; _builder_version=&#8221;4.27.0&#8243; _module_preset=&#8221;default&#8221; global_colors_info=&#8221;{}&#8221;][et_pb_image src=&#8221;https:\/\/www.leviedellacqua.com\/wp-content\/uploads\/2024\/08\/Tavola-disegno-3-copia.png&#8221; title_text=&#8221;Tavola disegno 3 copia&#8221; url=&#8221;https:\/\/www.regione.fvg.it\/rafvg\/cms\/RAFVG\/economia-imprese\/agricoltura-foreste\/psr-programma-sviluppo-rurale\/FOGLIA119\/&#8221; url_new_window=&#8221;on&#8221; align=&#8221;center&#8221; align_tablet=&#8221;center&#8221; align_phone=&#8221;center&#8221; align_last_edited=&#8221;on|desktop&#8221; _builder_version=&#8221;4.27.0&#8243; _module_preset=&#8221;default&#8221; width=&#8221;100%&#8221; width_tablet=&#8221;69%&#8221; width_phone=&#8221;&#8221; width_last_edited=&#8221;on|tablet&#8221; module_alignment=&#8221;center&#8221; custom_margin=&#8221;0px||0px||false|false&#8221; custom_padding=&#8221;0%||||false|false&#8221; custom_padding_tablet=&#8221;0%||||false|false&#8221; custom_padding_phone=&#8221;0%||||false|false&#8221; custom_padding_last_edited=&#8221;on|tablet&#8221; module_alignment_tablet=&#8221;center&#8221; module_alignment_phone=&#8221;center&#8221; module_alignment_last_edited=&#8221;on|tablet&#8221; global_colors_info=&#8221;{}&#8221;][\/et_pb_image][\/et_pb_column][et_pb_column type=&#8221;1_2&#8243; _builder_version=&#8221;4.27.0&#8243; _module_preset=&#8221;default&#8221; global_colors_info=&#8221;{}&#8221;][et_pb_image src=&#8221;https:\/\/www.leviedellacqua.com\/wp-content\/uploads\/2025\/07\/gsrTavola-disegno-2-1.png&#8221; title_text=&#8221;gsrTavola disegno 2&#8243; url=&#8221;https:\/\/arlef.it\/it\/&#8221; url_new_window=&#8221;on&#8221; show_bottom_space=&#8221;off&#8221; align=&#8221;center&#8221; align_tablet=&#8221;center&#8221; align_phone=&#8221;center&#8221; align_last_edited=&#8221;on|tablet&#8221; _builder_version=&#8221;4.27.0&#8243; _module_preset=&#8221;default&#8221; width=&#8221;62%&#8221; width_tablet=&#8221;62%&#8221; width_phone=&#8221;84%&#8221; width_last_edited=&#8221;on|desktop&#8221; module_alignment=&#8221;center&#8221; custom_margin_tablet=&#8221;&#8221; custom_margin_phone=&#8221;|||0px|false|false&#8221; custom_margin_last_edited=&#8221;on|phone&#8221; custom_padding=&#8221;|0px||0px|false|false&#8221; custom_padding_tablet=&#8221;||||false|false&#8221; custom_padding_phone=&#8221;24px|0px||0.3%|false|false&#8221; custom_padding_last_edited=&#8221;on|desktop&#8221; hover_enabled=&#8221;0&#8243; module_alignment_tablet=&#8221;&#8221; module_alignment_phone=&#8221;center&#8221; module_alignment_last_edited=&#8221;on|phone&#8221; global_colors_info=&#8221;{}&#8221; sticky_enabled=&#8221;0&#8243;][\/et_pb_image][\/et_pb_column][\/et_pb_row][et_pb_row _builder_version=&#8221;4.27.0&#8243; _module_preset=&#8221;default&#8221; custom_margin=&#8221;0px||||false|false&#8221; custom_padding=&#8221;0px||0px||false|false&#8221; global_colors_info=&#8221;{}&#8221;][et_pb_column type=&#8221;4_4&#8243; _builder_version=&#8221;4.27.0&#8243; _module_preset=&#8221;default&#8221; global_colors_info=&#8221;{}&#8221;][et_pb_text _builder_version=&#8221;4.27.0&#8243; _module_preset=&#8221;default&#8221; text_font=&#8221;Atkinson Hyperlegible||||||||&#8221; text_text_color=&#8221;#283583&#8243; text_font_size=&#8221;11px&#8221; text_line_height=&#8221;1.2em&#8221; header_text_align=&#8221;center&#8221; text_orientation=&#8221;center&#8221; width=&#8221;100%&#8221; width_tablet=&#8221;100%&#8221; width_phone=&#8221;100%&#8221; width_last_edited=&#8221;on|tablet&#8221; max_width=&#8221;100%&#8221; module_alignment=&#8221;right&#8221; custom_margin=&#8221;|0px||0px|false|false&#8221; custom_margin_tablet=&#8221;|0px||0px|false|false&#8221; custom_margin_phone=&#8221;0px|0px|-10%|0px|false|false&#8221; custom_margin_last_edited=&#8221;on|phone&#8221; custom_padding=&#8221;0px|0px|0px|0px|false|false&#8221; custom_padding_tablet=&#8221;0px||5%||false|false&#8221; custom_padding_phone=&#8221;0px||5%||false|false&#8221; custom_padding_last_edited=&#8221;on|phone&#8221; text_font_size_tablet=&#8221;10px&#8221; text_font_size_phone=&#8221;9px&#8221; text_font_size_last_edited=&#8221;on|phone&#8221; text_orientation_tablet=&#8221;&#8221; text_orientation_phone=&#8221;center&#8221; text_orientation_last_edited=&#8221;on|tablet&#8221; module_alignment_tablet=&#8221;left&#8221; module_alignment_phone=&#8221;left&#8221; module_alignment_last_edited=&#8221;on|desktop&#8221; global_colors_info=&#8221;{}&#8221;]<\/p>\n<p style=\"text-align: center;\"><span>Copyright \u00a9 2024 Comune di Forni di Sotto. All Rights Reserved | <a href=\"https:\/\/www.leviedellacqua.com\/privacy-policy\">Privacy Policy<\/a><\/span><\/p>\n<p>[\/et_pb_text][\/et_pb_column][\/et_pb_row][\/et_pb_section]<\/p>\n","protected":false},"excerpt":{"rendered":"<p>Lis Stradis des AghisLa fontane di BaselieFontane di Baselie \u2013 ai 2 di Avr\u00eel dal 1922A man \u00e7ampe, une femine cul ristiel (\u201crascjel\u201d) e imprescj di len par puart\u00e2 fen s\u00f9 pe schene (\u201cfiarcles\u201d). A man drete, une femine cul buin\u00e7 (\u201cag\u00e2i\u201d) e cui cjald\u00eers di ram (\u201ccjald\u00ears\u201d). Foto \u00a9 Paul Scheuermeier &#8211; Archivio AIS [&hellip;]<\/p>\n","protected":false},"author":1,"featured_media":0,"parent":0,"menu_order":0,"comment_status":"closed","ping_status":"closed","template":"","meta":{"_et_pb_use_builder":"on","_et_pb_old_content":"","_et_gb_content_width":"","footnotes":""},"class_list":["post-420","page","type-page","status-publish","hentry"],"_links":{"self":[{"href":"https:\/\/www.leviedellacqua.com\/fu\/wp-json\/wp\/v2\/pages\/420","targetHints":{"allow":["GET"]}}],"collection":[{"href":"https:\/\/www.leviedellacqua.com\/fu\/wp-json\/wp\/v2\/pages"}],"about":[{"href":"https:\/\/www.leviedellacqua.com\/fu\/wp-json\/wp\/v2\/types\/page"}],"author":[{"embeddable":true,"href":"https:\/\/www.leviedellacqua.com\/fu\/wp-json\/wp\/v2\/users\/1"}],"replies":[{"embeddable":true,"href":"https:\/\/www.leviedellacqua.com\/fu\/wp-json\/wp\/v2\/comments?post=420"}],"version-history":[{"count":6,"href":"https:\/\/www.leviedellacqua.com\/fu\/wp-json\/wp\/v2\/pages\/420\/revisions"}],"predecessor-version":[{"id":491,"href":"https:\/\/www.leviedellacqua.com\/fu\/wp-json\/wp\/v2\/pages\/420\/revisions\/491"}],"wp:attachment":[{"href":"https:\/\/www.leviedellacqua.com\/fu\/wp-json\/wp\/v2\/media?parent=420"}],"curies":[{"name":"wp","href":"https:\/\/api.w.org\/{rel}","templated":true}]}}