{"id":423,"date":"2024-08-11T20:00:30","date_gmt":"2024-08-11T20:00:30","guid":{"rendered":"https:\/\/www.leviedellacqua.com\/fontane-di-tredol\/"},"modified":"2025-07-31T10:06:35","modified_gmt":"2025-07-31T10:06:35","slug":"fontane-di-tredol","status":"publish","type":"page","link":"https:\/\/www.leviedellacqua.com\/fu\/fontane-di-tredol\/","title":{"rendered":"Fontane di Tredol"},"content":{"rendered":"<p>[et_pb_section fb_built=&#8221;1&#8243; _builder_version=&#8221;4.27.0&#8243; _module_preset=&#8221;default&#8221; background_color=&#8221;RGBA(255,255,255,0)&#8221; use_background_color_gradient=&#8221;on&#8221; background_color_gradient_direction=&#8221;1deg&#8221; background_color_gradient_stops=&#8221;#ffffff 39%|rgba(0, 0, 0, 1) 100%&#8221; background_image=&#8221;https:\/\/www.leviedellacqua.com\/wp-content\/uploads\/2024\/08\/forni-di-sotto.jpg&#8221; global_colors_info=&#8221;{}&#8221;][et_pb_row _builder_version=&#8221;4.27.0&#8243; _module_preset=&#8221;default&#8221; custom_margin=&#8221;0px|||10%|false|false&#8221; custom_margin_tablet=&#8221;0px|||10%|false|false&#8221; custom_margin_phone=&#8221;0px||||false|false&#8221; custom_margin_last_edited=&#8221;on|phone&#8221; custom_padding=&#8221;0px|||0px|false|false&#8221; global_colors_info=&#8221;{}&#8221;][et_pb_column type=&#8221;4_4&#8243; _builder_version=&#8221;4.27.0&#8243; _module_preset=&#8221;default&#8221; global_colors_info=&#8221;{}&#8221;][et_pb_text _builder_version=&#8221;4.27.0&#8243; _module_preset=&#8221;default&#8221; text_font=&#8221;Georgia|800|||||||&#8221; text_text_color=&#8221;#FFFFFF&#8221; text_font_size=&#8221;86px&#8221; text_line_height=&#8221;1em&#8221; custom_margin=&#8221;||0px||false|false&#8221; custom_margin_tablet=&#8221;||0px||false|false&#8221; custom_margin_phone=&#8221;||0px||false|false&#8221; custom_margin_last_edited=&#8221;on|phone&#8221; text_font_size_tablet=&#8221;79px&#8221; text_font_size_phone=&#8221;53px&#8221; text_font_size_last_edited=&#8221;on|phone&#8221; global_colors_info=&#8221;{}&#8221;]<\/p>\n<p>Lis Stradis des Aghis<\/p>\n<p>[\/et_pb_text][et_pb_text _builder_version=&#8221;4.27.0&#8243; _module_preset=&#8221;default&#8221; text_font=&#8221;Atkinson Hyperlegible|800|||||||&#8221; text_text_color=&#8221;#eb5d45&#8243; text_font_size=&#8221;49px&#8221; text_line_height=&#8221;1em&#8221; custom_margin=&#8221;0px||||false|false&#8221; custom_padding=&#8221;0px||50%||false|false&#8221; custom_padding_tablet=&#8221;0px||50%||false|false&#8221; custom_padding_phone=&#8221;||52%||false|false&#8221; custom_padding_last_edited=&#8221;on|phone&#8221; text_font_size_tablet=&#8221;40px&#8221; text_font_size_phone=&#8221;44px&#8221; text_font_size_last_edited=&#8221;on|phone&#8221; global_colors_info=&#8221;{}&#8221;]<\/p>\n<p>La fontane di Tredol<\/p>\n<p>[\/et_pb_text][\/et_pb_column][\/et_pb_row][\/et_pb_section][et_pb_section fb_built=&#8221;1&#8243; _builder_version=&#8221;4.27.0&#8243; _module_preset=&#8221;default&#8221; background_color=&#8221;#fffdec&#8221; custom_padding=&#8221;0px||0px|||&#8221; global_colors_info=&#8221;{}&#8221;][et_pb_row _builder_version=&#8221;4.27.0&#8243; _module_preset=&#8221;default&#8221; width=&#8221;100%&#8221; max_width=&#8221;1441px&#8221; max_width_tablet=&#8221;90%&#8221; max_width_phone=&#8221;90%&#8221; max_width_last_edited=&#8221;on|desktop&#8221; custom_padding=&#8221;18px|||||&#8221; global_colors_info=&#8221;{}&#8221;][et_pb_column type=&#8221;4_4&#8243; _builder_version=&#8221;4.27.0&#8243; _module_preset=&#8221;default&#8221; global_colors_info=&#8221;{}&#8221;][et_pb_text _builder_version=&#8221;4.27.0&#8243; _module_preset=&#8221;default&#8221; text_font=&#8221;Atkinson Hyperlegible||||||||&#8221; text_text_color=&#8221;#283583&#8243; text_font_size=&#8221;11px&#8221; text_line_height=&#8221;1.2em&#8221; width=&#8221;100%&#8221; max_width=&#8221;100%&#8221; module_alignment=&#8221;right&#8221; custom_margin=&#8221;|0px||0px|false|false&#8221; custom_margin_tablet=&#8221;|0px||0px|false|false&#8221; custom_margin_phone=&#8221;0px||||false|false&#8221; custom_margin_last_edited=&#8221;on|phone&#8221; custom_padding=&#8221;0px|0px|1px|0px|false|false&#8221; hover_enabled=&#8221;0&#8243; text_font_size_tablet=&#8221;10px&#8221; text_font_size_phone=&#8221;9px&#8221; text_font_size_last_edited=&#8221;on|phone&#8221; global_colors_info=&#8221;{}&#8221; sticky_enabled=&#8221;0&#8243;]<\/p>\n<p style=\"text-align: right;\"><strong>La fontane di Tredol &#8211; 1930<\/strong><br \/>Femine cul fa\u00e7olet di cj\u00e2f e scarpets. <br \/>Foto Archivi Attilio Brisighelli &#8211; Fototeche dai Museus Civics di Udin<\/p>\n<p>[\/et_pb_text][\/et_pb_column][\/et_pb_row][\/et_pb_section][et_pb_section fb_built=&#8221;1&#8243; _builder_version=&#8221;4.27.0&#8243; _module_preset=&#8221;default&#8221; background_color=&#8221;#fffdec&#8221; custom_padding=&#8221;3px|||||&#8221; global_colors_info=&#8221;{}&#8221;][et_pb_row column_structure=&#8221;3_5,2_5&#8243; _builder_version=&#8221;4.27.0&#8243; _module_preset=&#8221;default&#8221; global_colors_info=&#8221;{}&#8221;][et_pb_column type=&#8221;3_5&#8243; _builder_version=&#8221;4.27.0&#8243; _module_preset=&#8221;default&#8221; global_colors_info=&#8221;{}&#8221;][et_pb_text _builder_version=&#8221;4.27.0&#8243; _module_preset=&#8221;default&#8221; text_font=&#8221;Atkinson Hyperlegible|700|||||||&#8221; text_text_color=&#8221;gcid-5c1d3618-0ead-4c08-94bf-fb49e5deafea&#8221; text_font_size=&#8221;53px&#8221; text_line_height=&#8221;1em&#8221; custom_margin=&#8221;||4%||false|false&#8221; custom_margin_tablet=&#8221;||4%||false|false&#8221; custom_margin_phone=&#8221;||12%||false|false&#8221; custom_margin_last_edited=&#8221;on|phone&#8221; text_font_size_tablet=&#8221;53px&#8221; text_font_size_phone=&#8221;44px&#8221; text_font_size_last_edited=&#8221;on|tablet&#8221; global_colors_info=&#8221;{%22gcid-5c1d3618-0ead-4c08-94bf-fb49e5deafea%22:%91%22text_text_color%22%93}&#8221;]<\/p>\n<p>Lis fontanis<\/p>\n<p>[\/et_pb_text][et_pb_text _builder_version=&#8221;4.27.0&#8243; _module_preset=&#8221;default&#8221; text_font=&#8221;Atkinson Hyperlegible||||||||&#8221; text_text_color=&#8221;#000000&#8243; text_font_size=&#8221;22px&#8221; text_line_height=&#8221;1.3em&#8221; global_colors_info=&#8221;{}&#8221;]<\/p>\n<p>Ogni borc al \u00e0 <strong>tal mie\u00e7 une fontane<\/strong> fate dal inzegn\u00eer Valentino Marioni tai agns 1830-1840: a son vascjis otagon\u00e2ls di <strong>piere calcarie<\/strong> di For Disot.<\/p>\n<p>La vascje princip\u00e2l e je fate di lastris vertic\u00e2ls tacadis dongje une cun ch\u00ea altre: tai borcs di <strong>V\u00eec e Tredul<\/strong> e je poiade parsore di un scjalin otagon\u00e2l, invezit a<strong> Baselie<\/strong>, suntune scjalinade circol\u00e2r salisade.<\/p>\n<p>Tal mie\u00e7 des fontanis, une colone e ten s\u00f9 une o d\u00f4s vascjutis, o un v\u00e2s di finiment parsore dal bacin plui grant, che a fasin un <strong>z\u00fbc di aghe<\/strong> prime che e coli j\u00f9 te vascje princip\u00e2l: di cul\u00ec, la aghe in plui e cor vie pai tubui che di sot tiere a rivin te roie plui dongje.<\/p>\n<p>[\/et_pb_text][\/et_pb_column][et_pb_column type=&#8221;2_5&#8243; _builder_version=&#8221;4.27.0&#8243; _module_preset=&#8221;default&#8221; global_colors_info=&#8221;{}&#8221;][et_pb_image src=&#8221;https:\/\/www.leviedellacqua.com\/wp-content\/uploads\/2024\/08\/Tredolo-forni-di-sotto.jpg&#8221; alt=&#8221;Fontane e Lavad\u00f4r di Tredol &#8211; 1931<br \/>\nCjasis cu lis tipichis lindis (loc. %22lindes%22) sul devant; in prin plan, la fontane cu la aghe corinte; da\u00fbr, un lavad\u00f4r public di ciment (loc. %22la lavandare%22).<br \/>\n&#8221; title_text=&#8221;Tredolo-forni-di-sotto&#8221; align_tablet=&#8221;center&#8221; align_phone=&#8221;center&#8221; align_last_edited=&#8221;on|tablet&#8221; _builder_version=&#8221;4.27.0&#8243; _module_preset=&#8221;default&#8221; global_colors_info=&#8221;{}&#8221;][\/et_pb_image][et_pb_text _builder_version=&#8221;4.27.0&#8243; _module_preset=&#8221;default&#8221; text_font=&#8221;Atkinson Hyperlegible||||||||&#8221; text_text_color=&#8221;#283583&#8243; text_font_size=&#8221;11px&#8221; text_line_height=&#8221;1.2em&#8221; width=&#8221;100%&#8221; width_tablet=&#8221;50%&#8221; width_phone=&#8221;70%&#8221; width_last_edited=&#8221;on|tablet&#8221; max_width=&#8221;100%&#8221; module_alignment=&#8221;right&#8221; custom_margin=&#8221;|0px||0px|false|false&#8221; custom_margin_tablet=&#8221;|0px||0px|false|false&#8221; custom_margin_phone=&#8221;0px||||false|false&#8221; custom_margin_last_edited=&#8221;on|phone&#8221; custom_padding=&#8221;0px|0px|1px|0px|false|false&#8221; text_font_size_tablet=&#8221;10px&#8221; text_font_size_phone=&#8221;9px&#8221; text_font_size_last_edited=&#8221;on|phone&#8221; module_alignment_tablet=&#8221;right&#8221; module_alignment_phone=&#8221;right&#8221; module_alignment_last_edited=&#8221;on|desktop&#8221; global_colors_info=&#8221;{}&#8221;]<\/p>\n<p style=\"text-align: right;\"><strong>Fontane e lavad\u00f4r di Tredol &#8211; 1931<\/strong><br \/>Cjasis cun devant i tipics pui\u00fbi e lis lindis; in prin plan, fontane cu la aghe che e cor, cun da\u00fbr il lavad\u00f4r public di ciment, clam\u00e2t cul\u00ec \u201clavandare\u201d<\/p>\n<p style=\"text-align: right;\">Foto e didascalia Paul Scheuermeier &#8211; Archivio AIS foto n\u00b0 2909 &#8211; Istituto di Lingue e Letterature Romanze e Biblioteca Karl Jaberg, Universit\u00e0 di Berna.<\/p>\n<p>[\/et_pb_text][\/et_pb_column][\/et_pb_row][\/et_pb_section][et_pb_section fb_built=&#8221;1&#8243; custom_padding_last_edited=&#8221;on|desktop&#8221; _builder_version=&#8221;4.27.0&#8243; _module_preset=&#8221;default&#8221; background_color=&#8221;gcid-5c1d3618-0ead-4c08-94bf-fb49e5deafea&#8221; custom_margin=&#8221;||0px||false|false&#8221; custom_margin_tablet=&#8221;||0px||false|false&#8221; custom_margin_phone=&#8221;||0px||false|false&#8221; custom_margin_last_edited=&#8221;on|desktop&#8221; custom_padding=&#8221;||3%||false|false&#8221; custom_padding_tablet=&#8221;||3%||false|false&#8221; custom_padding_phone=&#8221;5%||||false|false&#8221; global_colors_info=&#8221;{%22gcid-5c1d3618-0ead-4c08-94bf-fb49e5deafea%22:%91%22background_color%22%93}&#8221;][et_pb_row column_structure=&#8221;3_5,2_5&#8243; _builder_version=&#8221;4.27.0&#8243; _module_preset=&#8221;default&#8221; global_colors_info=&#8221;{}&#8221;][et_pb_column type=&#8221;3_5&#8243; _builder_version=&#8221;4.27.0&#8243; _module_preset=&#8221;default&#8221; global_colors_info=&#8221;{}&#8221;][et_pb_text _builder_version=&#8221;4.27.0&#8243; _module_preset=&#8221;default&#8221; text_font=&#8221;Atkinson Hyperlegible|700|||||||&#8221; text_text_color=&#8221;#FFFFFF&#8221; text_font_size=&#8221;53px&#8221; text_line_height=&#8221;1em&#8221; custom_margin=&#8221;||5%||false|false&#8221; custom_margin_tablet=&#8221;||5%||false|false&#8221; custom_margin_phone=&#8221;||10%||false|false&#8221; custom_margin_last_edited=&#8221;on|desktop&#8221; text_font_size_tablet=&#8221;53px&#8221; text_font_size_phone=&#8221;44px&#8221; text_font_size_last_edited=&#8221;on|phone&#8221; global_colors_info=&#8221;{}&#8221;]<\/p>\n<p>La roe di Tredol<\/p>\n<p>[\/et_pb_text][et_pb_text _builder_version=&#8221;4.27.0&#8243; _module_preset=&#8221;default&#8221; text_font=&#8221;Atkinson Hyperlegible||||||||&#8221; text_text_color=&#8221;#FFFFFF&#8221; text_font_size=&#8221;22px&#8221; text_line_height=&#8221;1.3em&#8221; custom_margin=&#8221;-7px||||false|false&#8221; custom_margin_tablet=&#8221;-7px||||false|false&#8221; custom_margin_phone=&#8221;-8px||||false|false&#8221; custom_margin_last_edited=&#8221;on|tablet&#8221; custom_padding=&#8221;||0px||false|false&#8221; global_colors_info=&#8221;{}&#8221;]<\/p>\n<p>Te ete mediev\u00e2l, dal Riul dai Mulins (Ri\u00f9 dai Mulins) si \u00e8 derivade une roie che e puartave la aghe tal borc di Tredul corint scuvierte framie\u00e7 des cjasis, compagnade dilunc vie di cordonadis di piere.<\/p>\n<p>[\/et_pb_text][et_pb_text _builder_version=&#8221;4.27.0&#8243; _module_preset=&#8221;default&#8221; text_font=&#8221;Atkinson Hyperlegible||||||||&#8221; text_text_color=&#8221;#283583&#8243; text_font_size=&#8221;11px&#8221; text_line_height=&#8221;1.2em&#8221; width=&#8221;100%&#8221; width_tablet=&#8221;100%&#8221; width_phone=&#8221;100%&#8221; width_last_edited=&#8221;on|tablet&#8221; max_width=&#8221;100%&#8221; module_alignment=&#8221;right&#8221; custom_margin=&#8221;|0px||0px|false|false&#8221; custom_margin_tablet=&#8221;|0px||0px|false|false&#8221; custom_margin_phone=&#8221;0px|0px|-10%|0px|false|false&#8221; custom_margin_last_edited=&#8221;on|phone&#8221; custom_padding=&#8221;0px|0px|0px|0px|false|false&#8221; custom_padding_tablet=&#8221;0px||5%||false|false&#8221; custom_padding_phone=&#8221;0px||5%||false|false&#8221; custom_padding_last_edited=&#8221;on|phone&#8221; text_font_size_tablet=&#8221;10px&#8221; text_font_size_phone=&#8221;9px&#8221; text_font_size_last_edited=&#8221;on|phone&#8221; text_orientation_tablet=&#8221;&#8221; text_orientation_phone=&#8221;&#8221; text_orientation_last_edited=&#8221;on|tablet&#8221; module_alignment_tablet=&#8221;left&#8221; module_alignment_phone=&#8221;left&#8221; module_alignment_last_edited=&#8221;on|desktop&#8221; global_colors_info=&#8221;{}&#8221;]<\/p>\n<p style=\"text-align: left;\">Ilustrazion: <strong>cjald\u00eer <\/strong>di ram cun decorazions di elements vegjet\u00e2i a sbal\u00e7 par aur\u00ee la aghe tes fontanis publichis. Il mani, fat cuntun tondin di fier, al jentre des d\u00f4s busutis che a son in corispondence des orelis dal recipient. <\/p>\n<p>[\/et_pb_text][\/et_pb_column][et_pb_column type=&#8221;2_5&#8243; _builder_version=&#8221;4.27.0&#8243; _module_preset=&#8221;default&#8221; global_colors_info=&#8221;{}&#8221;][et_pb_image src=&#8221;https:\/\/www.leviedellacqua.com\/wp-content\/uploads\/2024\/08\/cialder.png&#8221; alt=&#8221;paiolo in rame &#8211; illustrazione&#8221; title_text=&#8221;cialder&#8221; align=&#8221;center&#8221; align_tablet=&#8221;center&#8221; align_phone=&#8221;center&#8221; align_last_edited=&#8221;on|desktop&#8221; _builder_version=&#8221;4.27.0&#8243; _module_preset=&#8221;default&#8221; width=&#8221;100%&#8221; width_tablet=&#8221;100%&#8221; width_phone=&#8221;100%&#8221; width_last_edited=&#8221;on|tablet&#8221; custom_margin=&#8221;-10%||0px||false|false&#8221; custom_margin_tablet=&#8221;-8%||||false|false&#8221; custom_margin_phone=&#8221;0%||||false|false&#8221; custom_margin_last_edited=&#8221;on|phone&#8221; custom_padding=&#8221;0px||||false|false&#8221; module_alignment_tablet=&#8221;center&#8221; module_alignment_phone=&#8221;center&#8221; module_alignment_last_edited=&#8221;on|tablet&#8221; global_colors_info=&#8221;{}&#8221; custom_margin__hover_enabled=&#8221;on|desktop&#8221; custom_margin__hover=&#8221;-10%||0px||false|false&#8221;][\/et_pb_image][\/et_pb_column][\/et_pb_row][\/et_pb_section][et_pb_section fb_built=&#8221;1&#8243; _builder_version=&#8221;4.27.0&#8243; _module_preset=&#8221;default&#8221; background_color=&#8221;#fffdec&#8221; custom_padding=&#8221;3px||0px|||&#8221; global_colors_info=&#8221;{}&#8221;][et_pb_row _builder_version=&#8221;4.27.0&#8243; _module_preset=&#8221;default&#8221; custom_margin=&#8221;4%||0%||false|false&#8221; custom_margin_tablet=&#8221;4%||||false|false&#8221; custom_margin_phone=&#8221;5%||-5%||false|false&#8221; custom_margin_last_edited=&#8221;on|tablet&#8221; custom_padding=&#8221;0px||0px||false|false&#8221; global_colors_info=&#8221;{}&#8221;][et_pb_column type=&#8221;4_4&#8243; _builder_version=&#8221;4.27.0&#8243; _module_preset=&#8221;default&#8221; global_colors_info=&#8221;{}&#8221;][et_pb_text _builder_version=&#8221;4.27.0&#8243; _module_preset=&#8221;default&#8221; text_font=&#8221;Atkinson Hyperlegible|700|||||||&#8221; text_text_color=&#8221;gcid-5c1d3618-0ead-4c08-94bf-fb49e5deafea&#8221; text_font_size=&#8221;53px&#8221; custom_margin=&#8221;||1%||false|false&#8221; custom_margin_tablet=&#8221;||0%||false|false&#8221; custom_margin_phone=&#8221;6%||6%||false|false&#8221; custom_margin_last_edited=&#8221;on|phone&#8221; custom_padding_tablet=&#8221;||0px||false|false&#8221; custom_padding_phone=&#8221;||0px||false|false&#8221; custom_padding_last_edited=&#8221;on|tablet&#8221; text_font_size_tablet=&#8221;53px&#8221; text_font_size_phone=&#8221;44px&#8221; text_font_size_last_edited=&#8221;on|phone&#8221; text_line_height_tablet=&#8221;1em&#8221; text_line_height_phone=&#8221;1em&#8221; text_line_height_last_edited=&#8221;on|tablet&#8221; global_colors_info=&#8221;{%22gcid-5c1d3618-0ead-4c08-94bf-fb49e5deafea%22:%91%22text_text_color%22%93}&#8221;]<\/p>\n<p>La distribuzion de aghe<\/p>\n<p>[\/et_pb_text][\/et_pb_column][\/et_pb_row][et_pb_row column_structure=&#8221;1_3,1_3,1_3&#8243; _builder_version=&#8221;4.27.0&#8243; _module_preset=&#8221;default&#8221; global_colors_info=&#8221;{}&#8221;][et_pb_column type=&#8221;1_3&#8243; _builder_version=&#8221;4.27.0&#8243; _module_preset=&#8221;default&#8221; global_colors_info=&#8221;{}&#8221;][et_pb_text _builder_version=&#8221;4.27.0&#8243; _module_preset=&#8221;default&#8221; text_font=&#8221;Atkinson Hyperlegible||||||||&#8221; text_text_color=&#8221;#000000&#8243; text_font_size=&#8221;22px&#8221; text_line_height=&#8221;1.3em&#8221; global_colors_info=&#8221;{}&#8221;]<\/p>\n<p>No si sa ben cuant che al \u00e8 st\u00e2t fat l&#8217;acuedot comun\u00e2l, ma za tal 1839 si fevelave de necessit\u00e2t di comed\u00e2lu. I condots che a puartavin aghe aes tr\u00ea borgadis di For Disot a jerin fatis sig\u00fbr di <strong>len di pin<\/strong>, costruidis sbusant i troncs cun<strong> trivelis une vore lungjis<\/strong> e tac\u00e2ts tra di l\u00f4r a mo di plere. <\/p>\n<p>[\/et_pb_text][\/et_pb_column][et_pb_column type=&#8221;1_3&#8243; _builder_version=&#8221;4.27.0&#8243; _module_preset=&#8221;default&#8221; global_colors_info=&#8221;{}&#8221;][et_pb_text _builder_version=&#8221;4.27.0&#8243; _module_preset=&#8221;default&#8221; text_font=&#8221;Atkinson Hyperlegible||||||||&#8221; text_text_color=&#8221;#000000&#8243; text_font_size=&#8221;22px&#8221; text_line_height=&#8221;1.3em&#8221; global_colors_info=&#8221;{}&#8221;]<\/p>\n<p>Il prin acuedot al coreve sot tiere a une profondit\u00e2t di 80 centimetris traviersant cjamps e terens priv\u00e2ts. Intun secont moment al \u00e8 st\u00e2t rinfuarc\u00eet cun <strong>tubui di ghise<\/strong> tac\u00e2ts tra di l\u00f4r cun plomp e cuardis di barcje.<\/p>\n<p>A met\u00e2t dal Votcent l&#8217;acuedot al jere lunc <strong>doi chilometris<\/strong>.<\/p>\n<p>[\/et_pb_text][\/et_pb_column][et_pb_column type=&#8221;1_3&#8243; _builder_version=&#8221;4.27.0&#8243; _module_preset=&#8221;default&#8221; global_colors_info=&#8221;{}&#8221;][et_pb_image src=&#8221;https:\/\/www.leviedellacqua.com\/wp-content\/uploads\/2024\/08\/Roe-di-Tredolo-Musei-Civici-Udine.jpg&#8221; alt=&#8221;Roe-di-Tredol-Musei-Civici-Udine&#8221; title_text=&#8221;Roe-di-Tredol-Musei-Civici-Udine&#8221; align_tablet=&#8221;center&#8221; align_phone=&#8221;center&#8221; align_last_edited=&#8221;on|tablet&#8221; _builder_version=&#8221;4.27.0&#8243; _module_preset=&#8221;default&#8221; custom_margin=&#8221;-25%||||false|false&#8221; custom_margin_tablet=&#8221;auto||||false|false&#8221; custom_margin_phone=&#8221;auto||||false|false&#8221; custom_margin_last_edited=&#8221;on|phone&#8221; global_colors_info=&#8221;{}&#8221;][\/et_pb_image][et_pb_text _builder_version=&#8221;4.27.0&#8243; _module_preset=&#8221;default&#8221; text_font=&#8221;Atkinson Hyperlegible||||||||&#8221; text_text_color=&#8221;#283583&#8243; text_font_size=&#8221;11px&#8221; text_line_height=&#8221;1.2em&#8221; width=&#8221;100%&#8221; width_tablet=&#8221;50%&#8221; width_phone=&#8221;40%&#8221; width_last_edited=&#8221;on|tablet&#8221; max_width=&#8221;100%&#8221; module_alignment=&#8221;right&#8221; custom_margin=&#8221;|0px||0px|false|false&#8221; custom_margin_tablet=&#8221;|0px||0px|false|false&#8221; custom_margin_phone=&#8221;0px||||false|false&#8221; custom_margin_last_edited=&#8221;on|phone&#8221; custom_padding=&#8221;0px|0px|1px|0px|false|false&#8221; text_font_size_tablet=&#8221;10px&#8221; text_font_size_phone=&#8221;9px&#8221; text_font_size_last_edited=&#8221;on|phone&#8221; header_text_align_tablet=&#8221;&#8221; header_text_align_phone=&#8221;left&#8221; header_text_align_last_edited=&#8221;on|phone&#8221; text_orientation_tablet=&#8221;&#8221; text_orientation_phone=&#8221;left&#8221; text_orientation_last_edited=&#8221;on|phone&#8221; module_alignment_tablet=&#8221;center&#8221; module_alignment_phone=&#8221;right&#8221; module_alignment_last_edited=&#8221;on|desktop&#8221; global_colors_info=&#8221;{}&#8221;]<\/p>\n<p style=\"text-align: right;\"><strong>Roggia di Tredolo &#8211; 1930 c.a.<\/strong><br \/>Foto studio Attilio Brisighelli &#8211; Fototeca Civici Musei &#8211; Udine.<\/p>\n<p>[\/et_pb_text][\/et_pb_column][\/et_pb_row][\/et_pb_section][et_pb_section fb_built=&#8221;1&#8243; _builder_version=&#8221;4.27.0&#8243; _module_preset=&#8221;default&#8221; background_color=&#8221;#fffdec&#8221; global_module=&#8221;211&#8243; saved_tabs=&#8221;all&#8221; global_colors_info=&#8221;{}&#8221;][et_pb_row _builder_version=&#8221;4.27.0&#8243; _module_preset=&#8221;default&#8221; custom_margin=&#8221;0px||||false|false&#8221; custom_padding=&#8221;0px||0px||false|false&#8221; global_colors_info=&#8221;{}&#8221;][et_pb_column type=&#8221;4_4&#8243; _builder_version=&#8221;4.27.0&#8243; _module_preset=&#8221;default&#8221; global_colors_info=&#8221;{}&#8221;][et_pb_text _builder_version=&#8221;4.27.0&#8243; _module_preset=&#8221;default&#8221; text_font=&#8221;Atkinson Hyperlegible||||||||&#8221; text_text_color=&#8221;#283583&#8243; text_font_size=&#8221;11px&#8221; text_line_height=&#8221;1.2em&#8221; width=&#8221;100%&#8221; width_tablet=&#8221;100%&#8221; width_phone=&#8221;100%&#8221; width_last_edited=&#8221;on|tablet&#8221; max_width=&#8221;100%&#8221; module_alignment=&#8221;right&#8221; custom_margin=&#8221;|0px||0px|false|false&#8221; custom_margin_tablet=&#8221;|0px||0px|false|false&#8221; custom_margin_phone=&#8221;0px|0px|-10%|0px|false|false&#8221; custom_margin_last_edited=&#8221;on|phone&#8221; custom_padding=&#8221;0px|0px|0px|0px|false|false&#8221; custom_padding_tablet=&#8221;0px||5%||false|false&#8221; custom_padding_phone=&#8221;0px||5%||false|false&#8221; custom_padding_last_edited=&#8221;on|phone&#8221; text_font_size_tablet=&#8221;10px&#8221; text_font_size_phone=&#8221;9px&#8221; text_font_size_last_edited=&#8221;on|phone&#8221; text_orientation_tablet=&#8221;&#8221; text_orientation_phone=&#8221;&#8221; text_orientation_last_edited=&#8221;on|tablet&#8221; module_alignment_tablet=&#8221;left&#8221; module_alignment_phone=&#8221;left&#8221; module_alignment_last_edited=&#8221;on|desktop&#8221; global_colors_info=&#8221;{}&#8221;]<\/p>\n<p style=\"text-align: left;\">Bibliografia:<br \/><strong>Polo E<\/strong>., Toponomastiche di For Disot. Comune di Forni di Sotto, 2003<br \/><strong>Polo E<\/strong>., Forni di Sotto Lotte Fatiche Opere nel 1800. Editrice Aura e Centro Cultura, 1989<br \/><strong>Polo E.<\/strong>, Vocabolari Fornez -Talian, 2018<br \/><strong>Scarin E<\/strong>., La casa rurale nel Friuli. C.N.R., 1943<br \/><strong>Bertossi S<\/strong>., Vecchie case dei Forni Savorgnani. Azienda Autonoma di Soggiorno e Turismo di Forni di Sopra, 1973<br \/>La Carnia di Antonelli &#8211; Ideologia e Realt\u00e0. Centro Editoriale Friulano, 1980<br \/><strong>Scheuermeier P<\/strong>., Il lavoro dei contadini. Cultura materiale e artigianato rurale in Italia e nella Svizzera italiana e retoromanza, Milano 1980, Edizioni Longanesi<\/p>\n<p style=\"text-align: left;\">\n<p style=\"text-align: left;\"><span>Copyright \u00a9 2024 Comune di Forni di Sotto. All Rights Reserved<\/span><\/p>\n<p>[\/et_pb_text][\/et_pb_column][\/et_pb_row][\/et_pb_section][et_pb_section fb_built=&#8221;1&#8243; module_id=&#8221;two-columns-mobile&#8221; _builder_version=&#8221;4.27.0&#8243; _module_preset=&#8221;default&#8221; custom_margin=&#8221;0px||||false|false&#8221; custom_padding=&#8221;0px||||false|false&#8221; saved_tabs=&#8221;all&#8221; global_colors_info=&#8221;{}&#8221;][et_pb_row column_structure=&#8221;1_3,1_3,1_3&#8243; _builder_version=&#8221;4.27.0&#8243; _module_preset=&#8221;default&#8221; module_alignment=&#8221;center&#8221; custom_margin=&#8221;||0px||false|false&#8221; custom_margin_tablet=&#8221;||0px||false|false&#8221; custom_margin_phone=&#8221;|0px||0px|false|false&#8221; custom_margin_last_edited=&#8221;on|phone&#8221; custom_padding=&#8221;|0px||0px|false|false&#8221; module_alignment_tablet=&#8221;center&#8221; module_alignment_phone=&#8221;center&#8221; module_alignment_last_edited=&#8221;on|desktop&#8221; custom_css_free_form=&#8221;two-columns-mobile&#8221; global_colors_info=&#8221;{}&#8221;][et_pb_column type=&#8221;1_3&#8243; _builder_version=&#8221;4.27.0&#8243; _module_preset=&#8221;default&#8221; global_colors_info=&#8221;{}&#8221;][et_pb_image src=&#8221;https:\/\/www.leviedellacqua.com\/wp-content\/uploads\/2024\/08\/Tavola-disegno-1-2.png&#8221; title_text=&#8221;Comune-Forni-di-Sotto&#8221; url=&#8221;https:\/\/www.comune.fornidisotto.ud.it\/&#8221; url_new_window=&#8221;on&#8221; align=&#8221;center&#8221; _builder_version=&#8221;4.27.0&#8243; _module_preset=&#8221;default&#8221; custom_margin=&#8221;0px|0px||-7px|false|false&#8221; custom_margin_tablet=&#8221;&#8221; custom_margin_phone=&#8221;0px|0px|-15px|0px|false|false&#8221; custom_margin_last_edited=&#8221;on|tablet&#8221; module_alignment_tablet=&#8221;&#8221; module_alignment_phone=&#8221;center&#8221; module_alignment_last_edited=&#8221;on|phone&#8221; global_colors_info=&#8221;{}&#8221;][\/et_pb_image][\/et_pb_column][et_pb_column type=&#8221;1_3&#8243; _builder_version=&#8221;4.27.0&#8243; _module_preset=&#8221;default&#8221; global_colors_info=&#8221;{}&#8221;][et_pb_image src=&#8221;https:\/\/www.leviedellacqua.com\/wp-content\/uploads\/2024\/08\/Tavola-disegno-1-copia.png&#8221; title_text=&#8221;Tavola disegno 1 copia&#8221; align=&#8221;center&#8221; align_tablet=&#8221;center&#8221; align_phone=&#8221;center&#8221; align_last_edited=&#8221;on|phone&#8221; _builder_version=&#8221;4.27.0&#8243; _module_preset=&#8221;default&#8221; custom_margin_tablet=&#8221;&#8221; custom_margin_phone=&#8221;-23px|||0px|false|false&#8221; custom_margin_last_edited=&#8221;on|tablet&#8221; custom_padding=&#8221;0px|||||&#8221; global_colors_info=&#8221;{}&#8221;][\/et_pb_image][\/et_pb_column][et_pb_column type=&#8221;1_3&#8243; _builder_version=&#8221;4.27.0&#8243; _module_preset=&#8221;default&#8221; global_colors_info=&#8221;{}&#8221;][et_pb_image src=&#8221;https:\/\/www.leviedellacqua.com\/wp-content\/uploads\/2024\/08\/Tavola-disegno-3.png&#8221; title_text=&#8221;Euro-leader&#8221; url=&#8221;http:\/\/www.euroleader.it\/&#8221; url_new_window=&#8221;on&#8221; show_bottom_space=&#8221;off&#8221; align=&#8221;center&#8221; align_tablet=&#8221;center&#8221; align_phone=&#8221;center&#8221; align_last_edited=&#8221;on|desktop&#8221; _builder_version=&#8221;4.27.0&#8243; _module_preset=&#8221;default&#8221; module_alignment=&#8221;center&#8221; custom_margin_tablet=&#8221;&#8221; custom_margin_phone=&#8221;-33px||-7px|0px|false|false&#8221; custom_margin_last_edited=&#8221;on|phone&#8221; custom_padding=&#8221;|0px||0px|false|false&#8221; custom_padding_tablet=&#8221;||||false|false&#8221; custom_padding_phone=&#8221;0px|0px||0%|false|false&#8221; custom_padding_last_edited=&#8221;on|desktop&#8221; module_alignment_tablet=&#8221;&#8221; module_alignment_phone=&#8221;center&#8221; module_alignment_last_edited=&#8221;on|phone&#8221; global_colors_info=&#8221;{}&#8221;][\/et_pb_image][\/et_pb_column][\/et_pb_row][et_pb_row column_structure=&#8221;1_2,1_2&#8243; _builder_version=&#8221;4.27.0&#8243; _module_preset=&#8221;default&#8221; module_alignment=&#8221;center&#8221; custom_padding=&#8221;2px|||||&#8221; module_alignment_tablet=&#8221;center&#8221; module_alignment_phone=&#8221;center&#8221; module_alignment_last_edited=&#8221;on|desktop&#8221; custom_css_free_form=&#8221;two-columns-mobile&#8221; global_colors_info=&#8221;{}&#8221;][et_pb_column type=&#8221;1_2&#8243; _builder_version=&#8221;4.27.0&#8243; _module_preset=&#8221;default&#8221; global_colors_info=&#8221;{}&#8221;][et_pb_image src=&#8221;https:\/\/www.leviedellacqua.com\/wp-content\/uploads\/2024\/08\/Tavola-disegno-3-copia.png&#8221; title_text=&#8221;Tavola disegno 3 copia&#8221; url=&#8221;https:\/\/www.regione.fvg.it\/rafvg\/cms\/RAFVG\/economia-imprese\/agricoltura-foreste\/psr-programma-sviluppo-rurale\/FOGLIA119\/&#8221; url_new_window=&#8221;on&#8221; align=&#8221;center&#8221; align_tablet=&#8221;center&#8221; align_phone=&#8221;center&#8221; align_last_edited=&#8221;on|desktop&#8221; _builder_version=&#8221;4.27.0&#8243; _module_preset=&#8221;default&#8221; width=&#8221;100%&#8221; width_tablet=&#8221;69%&#8221; width_phone=&#8221;&#8221; width_last_edited=&#8221;on|tablet&#8221; module_alignment=&#8221;center&#8221; custom_margin=&#8221;0px||0px||false|false&#8221; custom_padding=&#8221;0%||||false|false&#8221; custom_padding_tablet=&#8221;0%||||false|false&#8221; custom_padding_phone=&#8221;0%||||false|false&#8221; custom_padding_last_edited=&#8221;on|tablet&#8221; module_alignment_tablet=&#8221;center&#8221; module_alignment_phone=&#8221;center&#8221; module_alignment_last_edited=&#8221;on|tablet&#8221; global_colors_info=&#8221;{}&#8221;][\/et_pb_image][\/et_pb_column][et_pb_column type=&#8221;1_2&#8243; _builder_version=&#8221;4.27.0&#8243; _module_preset=&#8221;default&#8221; global_colors_info=&#8221;{}&#8221;][et_pb_image src=&#8221;https:\/\/www.leviedellacqua.com\/wp-content\/uploads\/2025\/07\/gsrTavola-disegno-2-1.png&#8221; title_text=&#8221;gsrTavola disegno 2&#8243; url=&#8221;https:\/\/arlef.it\/it\/&#8221; url_new_window=&#8221;on&#8221; show_bottom_space=&#8221;off&#8221; align=&#8221;center&#8221; align_tablet=&#8221;center&#8221; align_phone=&#8221;center&#8221; align_last_edited=&#8221;on|tablet&#8221; _builder_version=&#8221;4.27.0&#8243; _module_preset=&#8221;default&#8221; width=&#8221;62%&#8221; width_tablet=&#8221;62%&#8221; width_phone=&#8221;84%&#8221; width_last_edited=&#8221;on|desktop&#8221; module_alignment=&#8221;center&#8221; custom_margin_tablet=&#8221;&#8221; custom_margin_phone=&#8221;|||0px|false|false&#8221; custom_margin_last_edited=&#8221;on|phone&#8221; custom_padding=&#8221;|0px||0px|false|false&#8221; custom_padding_tablet=&#8221;||||false|false&#8221; custom_padding_phone=&#8221;24px|0px||0.3%|false|false&#8221; custom_padding_last_edited=&#8221;on|desktop&#8221; hover_enabled=&#8221;0&#8243; module_alignment_tablet=&#8221;&#8221; module_alignment_phone=&#8221;center&#8221; module_alignment_last_edited=&#8221;on|phone&#8221; global_colors_info=&#8221;{}&#8221; sticky_enabled=&#8221;0&#8243;][\/et_pb_image][\/et_pb_column][\/et_pb_row][et_pb_row _builder_version=&#8221;4.27.0&#8243; _module_preset=&#8221;default&#8221; custom_margin=&#8221;0px||||false|false&#8221; custom_padding=&#8221;0px||0px||false|false&#8221; global_colors_info=&#8221;{}&#8221;][et_pb_column type=&#8221;4_4&#8243; _builder_version=&#8221;4.27.0&#8243; _module_preset=&#8221;default&#8221; global_colors_info=&#8221;{}&#8221;][et_pb_text _builder_version=&#8221;4.27.0&#8243; _module_preset=&#8221;default&#8221; text_font=&#8221;Atkinson Hyperlegible||||||||&#8221; text_text_color=&#8221;#283583&#8243; text_font_size=&#8221;11px&#8221; text_line_height=&#8221;1.2em&#8221; header_text_align=&#8221;center&#8221; text_orientation=&#8221;center&#8221; width=&#8221;100%&#8221; width_tablet=&#8221;100%&#8221; width_phone=&#8221;100%&#8221; width_last_edited=&#8221;on|tablet&#8221; max_width=&#8221;100%&#8221; module_alignment=&#8221;right&#8221; custom_margin=&#8221;|0px||0px|false|false&#8221; custom_margin_tablet=&#8221;|0px||0px|false|false&#8221; custom_margin_phone=&#8221;0px|0px|-10%|0px|false|false&#8221; custom_margin_last_edited=&#8221;on|phone&#8221; custom_padding=&#8221;0px|0px|0px|0px|false|false&#8221; custom_padding_tablet=&#8221;0px||5%||false|false&#8221; custom_padding_phone=&#8221;0px||5%||false|false&#8221; custom_padding_last_edited=&#8221;on|phone&#8221; text_font_size_tablet=&#8221;10px&#8221; text_font_size_phone=&#8221;9px&#8221; text_font_size_last_edited=&#8221;on|phone&#8221; text_orientation_tablet=&#8221;&#8221; text_orientation_phone=&#8221;center&#8221; text_orientation_last_edited=&#8221;on|tablet&#8221; module_alignment_tablet=&#8221;left&#8221; module_alignment_phone=&#8221;left&#8221; module_alignment_last_edited=&#8221;on|desktop&#8221; global_colors_info=&#8221;{}&#8221;]<\/p>\n<p style=\"text-align: center;\"><span>Copyright \u00a9 2024 Comune di Forni di Sotto. All Rights Reserved | <a href=\"https:\/\/www.leviedellacqua.com\/privacy-policy\">Privacy Policy<\/a><\/span><\/p>\n<p>[\/et_pb_text][\/et_pb_column][\/et_pb_row][\/et_pb_section]<\/p>\n","protected":false},"excerpt":{"rendered":"<p>Lis Stradis des AghisLa fontane di TredolLa fontane di Tredol &#8211; 1930Femine cul fa\u00e7olet di cj\u00e2f e scarpets. Foto Archivi Attilio Brisighelli &#8211; Fototeche dai Museus Civics di UdinLis fontanisOgni borc al \u00e0 tal mie\u00e7 une fontane fate dal inzegn\u00eer Valentino Marioni tai agns 1830-1840: a son vascjis otagon\u00e2ls di piere calcarie di For Disot. [&hellip;]<\/p>\n","protected":false},"author":1,"featured_media":0,"parent":0,"menu_order":0,"comment_status":"closed","ping_status":"closed","template":"","meta":{"_et_pb_use_builder":"on","_et_pb_old_content":"","_et_gb_content_width":"","footnotes":""},"class_list":["post-423","page","type-page","status-publish","hentry"],"_links":{"self":[{"href":"https:\/\/www.leviedellacqua.com\/fu\/wp-json\/wp\/v2\/pages\/423","targetHints":{"allow":["GET"]}}],"collection":[{"href":"https:\/\/www.leviedellacqua.com\/fu\/wp-json\/wp\/v2\/pages"}],"about":[{"href":"https:\/\/www.leviedellacqua.com\/fu\/wp-json\/wp\/v2\/types\/page"}],"author":[{"embeddable":true,"href":"https:\/\/www.leviedellacqua.com\/fu\/wp-json\/wp\/v2\/users\/1"}],"replies":[{"embeddable":true,"href":"https:\/\/www.leviedellacqua.com\/fu\/wp-json\/wp\/v2\/comments?post=423"}],"version-history":[{"count":8,"href":"https:\/\/www.leviedellacqua.com\/fu\/wp-json\/wp\/v2\/pages\/423\/revisions"}],"predecessor-version":[{"id":486,"href":"https:\/\/www.leviedellacqua.com\/fu\/wp-json\/wp\/v2\/pages\/423\/revisions\/486"}],"wp:attachment":[{"href":"https:\/\/www.leviedellacqua.com\/fu\/wp-json\/wp\/v2\/media?parent=423"}],"curies":[{"name":"wp","href":"https:\/\/api.w.org\/{rel}","templated":true}]}}