{"id":429,"date":"2024-08-12T11:03:25","date_gmt":"2024-08-12T11:03:25","guid":{"rendered":"https:\/\/www.leviedellacqua.com\/il-mulin-di-lalo-carote\/"},"modified":"2025-07-31T10:11:20","modified_gmt":"2025-07-31T10:11:20","slug":"il-mulin-di-lalo-carote","status":"publish","type":"page","link":"https:\/\/www.leviedellacqua.com\/fu\/il-mulin-di-lalo-carote\/","title":{"rendered":"Il Mulin di Lalo Carote"},"content":{"rendered":"<p>[et_pb_section fb_built=&#8221;1&#8243; _builder_version=&#8221;4.27.0&#8243; _module_preset=&#8221;default&#8221; background_color=&#8221;RGBA(255,255,255,0)&#8221; use_background_color_gradient=&#8221;on&#8221; background_color_gradient_direction=&#8221;1deg&#8221; background_color_gradient_stops=&#8221;#ffffff 39%|rgba(0, 0, 0, 1) 100%&#8221; background_image=&#8221;https:\/\/www.leviedellacqua.com\/wp-content\/uploads\/2024\/08\/Mulino-per-di-sopra.jpg&#8221; global_colors_info=&#8221;{}&#8221;][et_pb_row _builder_version=&#8221;4.27.0&#8243; _module_preset=&#8221;default&#8221; custom_margin=&#8221;0px|||10%|false|false&#8221; custom_margin_tablet=&#8221;0px|||10%|false|false&#8221; custom_margin_phone=&#8221;0px||||false|false&#8221; custom_margin_last_edited=&#8221;on|phone&#8221; custom_padding=&#8221;0px|||0px|false|false&#8221; global_colors_info=&#8221;{}&#8221;][et_pb_column type=&#8221;4_4&#8243; _builder_version=&#8221;4.27.0&#8243; _module_preset=&#8221;default&#8221; global_colors_info=&#8221;{}&#8221;][et_pb_text _builder_version=&#8221;4.27.0&#8243; _module_preset=&#8221;default&#8221; text_font=&#8221;Georgia|800|||||||&#8221; text_text_color=&#8221;#FFFFFF&#8221; text_font_size=&#8221;86px&#8221; text_line_height=&#8221;1em&#8221; custom_margin=&#8221;||0px||false|false&#8221; custom_margin_tablet=&#8221;||0px||false|false&#8221; custom_margin_phone=&#8221;||0px||false|false&#8221; custom_margin_last_edited=&#8221;on|phone&#8221; text_font_size_tablet=&#8221;79px&#8221; text_font_size_phone=&#8221;53px&#8221; text_font_size_last_edited=&#8221;on|phone&#8221; global_colors_info=&#8221;{}&#8221;]<\/p>\n<p>Lis Stradis des Aghis<\/p>\n<p>[\/et_pb_text][et_pb_text _builder_version=&#8221;4.27.0&#8243; _module_preset=&#8221;default&#8221; text_font=&#8221;Atkinson Hyperlegible|800|||||||&#8221; text_text_color=&#8221;#eb5d45&#8243; text_font_size=&#8221;49px&#8221; text_line_height=&#8221;1em&#8221; custom_margin=&#8221;0px||||false|false&#8221; custom_padding=&#8221;0px||50%||false|false&#8221; custom_padding_tablet=&#8221;0px||50%||false|false&#8221; custom_padding_phone=&#8221;||52%||false|false&#8221; custom_padding_last_edited=&#8221;on|phone&#8221; text_font_size_tablet=&#8221;40px&#8221; text_font_size_phone=&#8221;44px&#8221; text_font_size_last_edited=&#8221;on|phone&#8221; global_colors_info=&#8221;{}&#8221;]<\/p>\n<p>Il Mulin di Lalo Carote<\/p>\n<p>[\/et_pb_text][\/et_pb_column][\/et_pb_row][\/et_pb_section][et_pb_section fb_built=&#8221;1&#8243; _builder_version=&#8221;4.27.0&#8243; _module_preset=&#8221;default&#8221; background_color=&#8221;#fffdec&#8221; custom_padding=&#8221;0px||0px|||&#8221; global_colors_info=&#8221;{}&#8221;][et_pb_row _builder_version=&#8221;4.27.0&#8243; _module_preset=&#8221;default&#8221; width=&#8221;100%&#8221; max_width=&#8221;1441px&#8221; max_width_tablet=&#8221;90%&#8221; max_width_phone=&#8221;90%&#8221; max_width_last_edited=&#8221;on|desktop&#8221; custom_padding=&#8221;18px|||||&#8221; global_colors_info=&#8221;{}&#8221;][et_pb_column type=&#8221;4_4&#8243; _builder_version=&#8221;4.27.0&#8243; _module_preset=&#8221;default&#8221; global_colors_info=&#8221;{}&#8221;][et_pb_text _builder_version=&#8221;4.27.0&#8243; _module_preset=&#8221;default&#8221; text_font=&#8221;Atkinson Hyperlegible||||||||&#8221; text_text_color=&#8221;#283583&#8243; text_font_size=&#8221;11px&#8221; text_line_height=&#8221;1.2em&#8221; width=&#8221;100%&#8221; max_width=&#8221;100%&#8221; module_alignment=&#8221;right&#8221; custom_margin=&#8221;|0px||0px|false|false&#8221; custom_margin_tablet=&#8221;|0px||0px|false|false&#8221; custom_margin_phone=&#8221;0px||||false|false&#8221; custom_margin_last_edited=&#8221;on|phone&#8221; custom_padding=&#8221;0px|0px|1px|0px|false|false&#8221; text_font_size_tablet=&#8221;10px&#8221; text_font_size_phone=&#8221;9px&#8221; text_font_size_last_edited=&#8221;on|phone&#8221; global_colors_info=&#8221;{}&#8221;]<\/p>\n<p style=\"text-align: right;\"><strong>Can\u00e2l di len e ruede a cassets &#8211; 1929<\/strong> <br \/>Fotografie fate in ocasion de Ricognizion pe compilazion dal &#8220;Atlante Linguistico Italiano&#8221;<br \/><em>Foto \u00a9 Archivi Fotografic Societ\u00e2t Filologjiche Furlane &#8211; Font Ugo Pellis<\/em> <\/p>\n<p>[\/et_pb_text][\/et_pb_column][\/et_pb_row][\/et_pb_section][et_pb_section fb_built=&#8221;1&#8243; _builder_version=&#8221;4.27.0&#8243; _module_preset=&#8221;default&#8221; background_color=&#8221;#fffdec&#8221; custom_padding=&#8221;3px|||||&#8221; global_colors_info=&#8221;{}&#8221;][et_pb_row column_structure=&#8221;3_5,2_5&#8243; _builder_version=&#8221;4.27.0&#8243; _module_preset=&#8221;default&#8221; global_colors_info=&#8221;{}&#8221;][et_pb_column type=&#8221;3_5&#8243; _builder_version=&#8221;4.27.0&#8243; _module_preset=&#8221;default&#8221; global_colors_info=&#8221;{}&#8221;][et_pb_text _builder_version=&#8221;4.27.0&#8243; _module_preset=&#8221;default&#8221; text_font=&#8221;Atkinson Hyperlegible|700|||||||&#8221; text_text_color=&#8221;gcid-5c1d3618-0ead-4c08-94bf-fb49e5deafea&#8221; text_font_size=&#8221;53px&#8221; text_line_height=&#8221;1em&#8221; custom_margin=&#8221;||4%||false|false&#8221; custom_margin_tablet=&#8221;||4%||false|false&#8221; custom_margin_phone=&#8221;||12%||false|false&#8221; custom_margin_last_edited=&#8221;on|phone&#8221; text_font_size_tablet=&#8221;53px&#8221; text_font_size_phone=&#8221;44px&#8221; text_font_size_last_edited=&#8221;on|tablet&#8221; global_colors_info=&#8221;{%22gcid-5c1d3618-0ead-4c08-94bf-fb49e5deafea%22:%91%22text_text_color%22%93}&#8221;]<\/p>\n<p>Il mulin<\/p>\n<p>[\/et_pb_text][et_pb_text _builder_version=&#8221;4.27.0&#8243; _module_preset=&#8221;default&#8221; text_font=&#8221;Atkinson Hyperlegible||||||||&#8221; text_text_color=&#8221;#000000&#8243; text_font_size=&#8221;22px&#8221; text_line_height=&#8221;1.3em&#8221; global_colors_info=&#8221;{}&#8221;]<\/p>\n<p>Il mulin al \u00e8 un edifici log\u00e2t simpri dongje di un cors di aghe: cheste, derivade di un cors princip\u00e2l, e m\u00f4f une <strong>ruede a palis<\/strong>. Par tac\u00e2 a lavor\u00e2 si vier\u00e7 la scluse di m\u00fbt che il flus di aghe al bati su la ruede che e tache a zir\u00e2. La scluse e covente ancje par ralent\u00e2 il lav\u00f4r o p\u00fbr par ferm\u00e2lu.  <\/p>\n<p>A son d\u00f4s tipologjiis di mulins a aghe: <strong>un cu la ruede orizont\u00e2l, chel altri, vertic\u00e2l.<\/strong><\/p>\n<p>Tal prin c\u00e2s, la aghe e bat la ruede disponude in maniere orizont\u00e2l che e met in moviment la muele. <strong>Duncje, a ogni z\u00eer di ruede al corispuint un z\u00eer di muele.<\/strong> <\/p>\n<p>Tal secont c\u00e2s, la ruede vertic\u00e2l e \u00e0 di v\u00ea un argagn che <strong>al trasferissi il so moviment di un arbul di distribuzion orizont\u00e2l a un vertic\u00e2l<\/strong>. Ancje se cheste costruzion e je plui complesse, chest sisteme al \u00e0 il vanta\u00e7 di f\u00e2i f\u00e2 ae muele plui z\u00eers e duncje al alce la produtivit\u00e2t. <\/p>\n<p>[\/et_pb_text][\/et_pb_column][et_pb_column type=&#8221;2_5&#8243; _builder_version=&#8221;4.27.0&#8243; _module_preset=&#8221;default&#8221; global_colors_info=&#8221;{}&#8221;][et_pb_image src=&#8221;https:\/\/www.leviedellacqua.com\/wp-content\/uploads\/2024\/08\/Mulino-forni-di-sotto.png&#8221; alt=&#8221;Ruede dal mulin vieri \u2013 1931<br \/>\nfoto \u00a9 Paul Scheuermeier &#8211; Archivi AIS foto n. 2896 &#8211; Istit\u00fbt di Lenghis e Leteradure Neolatinis e Biblioteche Karl Jaberg, Universit\u00e2t di Berne.<br \/>\n&#8221; title_text=&#8221;Mulino-forni-di-sotto&#8221; force_fullwidth=&#8221;on&#8221; align_tablet=&#8221;center&#8221; align_phone=&#8221;center&#8221; align_last_edited=&#8221;on|desktop&#8221; _builder_version=&#8221;4.27.0&#8243; _module_preset=&#8221;default&#8221; custom_margin=&#8221;0px|||0px|false|false&#8221; custom_margin_tablet=&#8221;0px|||0px|false|false&#8221; custom_margin_phone=&#8221;0px|||0px|false|false&#8221; custom_margin_last_edited=&#8221;on|desktop&#8221; custom_padding=&#8221;0%||||false|false&#8221; custom_padding_tablet=&#8221;0%||||false|false&#8221; custom_padding_phone=&#8221;0%||||false|false&#8221; custom_padding_last_edited=&#8221;on|tablet&#8221; global_colors_info=&#8221;{}&#8221;][\/et_pb_image][et_pb_text _builder_version=&#8221;4.27.0&#8243; _module_preset=&#8221;default&#8221; text_font=&#8221;Atkinson Hyperlegible||||||||&#8221; text_text_color=&#8221;#283583&#8243; text_font_size=&#8221;11px&#8221; text_line_height=&#8221;1.2em&#8221; width=&#8221;100%&#8221; max_width=&#8221;100%&#8221; module_alignment=&#8221;right&#8221; custom_margin=&#8221;|0px||0px|false|false&#8221; custom_margin_tablet=&#8221;|0px||0px|false|false&#8221; custom_margin_phone=&#8221;0px||||false|false&#8221; custom_margin_last_edited=&#8221;on|phone&#8221; custom_padding=&#8221;0px|0px|1px|0px|false|false&#8221; hover_enabled=&#8221;0&#8243; text_font_size_tablet=&#8221;10px&#8221; text_font_size_phone=&#8221;9px&#8221; text_font_size_last_edited=&#8221;on|phone&#8221; global_colors_info=&#8221;{}&#8221; sticky_enabled=&#8221;0&#8243;]<\/p>\n<p style=\"text-align: right;\"><strong>Ruede dal mulin vieri \u2013 1931<\/strong><br \/>Foto<span> \u00a9 <\/span>Paul Scheurmeier &#8211; Archivi AIS foto n\u00b0 2896 &#8211; Istit\u00fbt di Lenghis e Leteradure Neolatinis e Biblioteche Karl Jaberg, Universit\u00e2t di Berne.<\/p>\n<p>[\/et_pb_text][\/et_pb_column][\/et_pb_row][\/et_pb_section][et_pb_section fb_built=&#8221;1&#8243; custom_padding_last_edited=&#8221;on|desktop&#8221; _builder_version=&#8221;4.27.0&#8243; _module_preset=&#8221;default&#8221; background_color=&#8221;gcid-5c1d3618-0ead-4c08-94bf-fb49e5deafea&#8221; custom_margin=&#8221;||0px||false|false&#8221; custom_margin_tablet=&#8221;||0px||false|false&#8221; custom_margin_phone=&#8221;||0px||false|false&#8221; custom_margin_last_edited=&#8221;on|desktop&#8221; custom_padding=&#8221;||3%||false|false&#8221; custom_padding_tablet=&#8221;||3%||false|false&#8221; custom_padding_phone=&#8221;5%||||false|false&#8221; global_colors_info=&#8221;{%22gcid-5c1d3618-0ead-4c08-94bf-fb49e5deafea%22:%91%22background_color%22%93}&#8221;][et_pb_row _builder_version=&#8221;4.27.0&#8243; _module_preset=&#8221;default&#8221; global_colors_info=&#8221;{}&#8221;][et_pb_column type=&#8221;4_4&#8243; _builder_version=&#8221;4.27.0&#8243; _module_preset=&#8221;default&#8221; global_colors_info=&#8221;{}&#8221;][et_pb_text _builder_version=&#8221;4.27.0&#8243; _module_preset=&#8221;default&#8221; text_font=&#8221;Atkinson Hyperlegible|700|||||||&#8221; text_text_color=&#8221;#FFFFFF&#8221; text_font_size=&#8221;53px&#8221; text_line_height=&#8221;1em&#8221; custom_margin=&#8221;||5%||false|false&#8221; custom_margin_tablet=&#8221;||5%||false|false&#8221; custom_margin_phone=&#8221;||10%||false|false&#8221; custom_margin_last_edited=&#8221;on|desktop&#8221; text_font_size_tablet=&#8221;53px&#8221; text_font_size_phone=&#8221;44px&#8221; text_font_size_last_edited=&#8221;on|phone&#8221; global_colors_info=&#8221;{}&#8221;]<\/p>\n<p>Il Mulin di Lalo Carote<\/p>\n<p>[\/et_pb_text][et_pb_text _builder_version=&#8221;4.27.0&#8243; _module_preset=&#8221;default&#8221; text_font=&#8221;Atkinson Hyperlegible||||||||&#8221; text_text_color=&#8221;#FFFFFF&#8221; text_font_size=&#8221;22px&#8221; text_line_height=&#8221;1.3em&#8221; custom_margin=&#8221;-7px||||false|false&#8221; custom_margin_tablet=&#8221;-7px||||false|false&#8221; custom_margin_phone=&#8221;-8px||||false|false&#8221; custom_margin_last_edited=&#8221;on|tablet&#8221; custom_padding=&#8221;||0px||false|false&#8221; global_colors_info=&#8221;{}&#8221;]<\/p>\n<p>No si sa cuant che al \u00e8 st\u00e2t fat s\u00f9 il Mulin di Lalo Carote (par tradizion, il mulin al cjape il non dal so proprietari); dai documents si sa che al \u00e8 st\u00e2t at\u00eef fin tal 1930.<\/p>\n<p>[\/et_pb_text][\/et_pb_column][\/et_pb_row][\/et_pb_section][et_pb_section fb_built=&#8221;1&#8243; custom_padding_last_edited=&#8221;on|tablet&#8221; _builder_version=&#8221;4.27.0&#8243; _module_preset=&#8221;default&#8221; background_color=&#8221;#fffdec&#8221; custom_margin=&#8221;||0%||false|false&#8221; custom_padding=&#8221;3px||5%||false|false&#8221; custom_padding_tablet=&#8221;3px||5%||false|false&#8221; custom_padding_phone=&#8221;3px||5%||false|false&#8221; global_colors_info=&#8221;{}&#8221;][et_pb_row _builder_version=&#8221;4.27.0&#8243; _module_preset=&#8221;default&#8221; custom_margin=&#8221;4%||0%||false|false&#8221; custom_margin_tablet=&#8221;4%||||false|false&#8221; custom_margin_phone=&#8221;5%||-5%||false|false&#8221; custom_margin_last_edited=&#8221;on|tablet&#8221; custom_padding=&#8221;0px||0px||false|false&#8221; global_colors_info=&#8221;{}&#8221;][et_pb_column type=&#8221;4_4&#8243; _builder_version=&#8221;4.27.0&#8243; _module_preset=&#8221;default&#8221; global_colors_info=&#8221;{}&#8221;][et_pb_text _builder_version=&#8221;4.27.0&#8243; _module_preset=&#8221;default&#8221; text_font=&#8221;Atkinson Hyperlegible|700|||||||&#8221; text_text_color=&#8221;gcid-5c1d3618-0ead-4c08-94bf-fb49e5deafea&#8221; text_font_size=&#8221;53px&#8221; custom_margin=&#8221;||1%||false|false&#8221; custom_margin_tablet=&#8221;||0%||false|false&#8221; custom_margin_phone=&#8221;6%||6%||false|false&#8221; custom_margin_last_edited=&#8221;on|phone&#8221; custom_padding_tablet=&#8221;||0px||false|false&#8221; custom_padding_phone=&#8221;||0px||false|false&#8221; custom_padding_last_edited=&#8221;on|tablet&#8221; text_font_size_tablet=&#8221;53px&#8221; text_font_size_phone=&#8221;44px&#8221; text_font_size_last_edited=&#8221;on|phone&#8221; text_line_height_tablet=&#8221;1em&#8221; text_line_height_phone=&#8221;1em&#8221; text_line_height_last_edited=&#8221;on|tablet&#8221; global_colors_info=&#8221;{%22gcid-5c1d3618-0ead-4c08-94bf-fb49e5deafea%22:%91%22text_text_color%22%93}&#8221;]<\/p>\n<p>Tipologjiis di ruedis<\/p>\n<p>[\/et_pb_text][\/et_pb_column][\/et_pb_row][et_pb_row column_structure=&#8221;1_3,1_3,1_3&#8243; use_custom_gutter=&#8221;on&#8221; gutter_width=&#8221;2&#8243; _builder_version=&#8221;4.27.0&#8243; _module_preset=&#8221;default&#8221; custom_margin=&#8221;||-4%||false|false&#8221; custom_margin_tablet=&#8221;||-1px||false|false&#8221; custom_margin_phone=&#8221;||0px||false|false&#8221; custom_margin_last_edited=&#8221;on|desktop&#8221; custom_padding=&#8221;||0px||false|false&#8221; global_colors_info=&#8221;{}&#8221;][et_pb_column type=&#8221;1_3&#8243; _builder_version=&#8221;4.27.0&#8243; _module_preset=&#8221;default&#8221; global_colors_info=&#8221;{}&#8221;][et_pb_text _builder_version=&#8221;4.27.0&#8243; _module_preset=&#8221;default&#8221; text_font=&#8221;Atkinson Hyperlegible||||||||&#8221; text_text_color=&#8221;#000000&#8243; text_font_size=&#8221;22px&#8221; text_line_height=&#8221;1.3em&#8221; global_colors_info=&#8221;{}&#8221;]<\/p>\n<p><strong>Ruede idrauliche par parsore a cassets<br \/><\/strong>Si imbrene la aghe cun canaletis di len stretis e si le f\u00e2s riv\u00e2 insom de ruede. Colant j\u00f9, la aghe e jemple i cassets che, smontant cul l\u00f4r p\u00eas, a fasin zir\u00e2 la ruede. Al \u00e8 un mot\u00f4r une vore eficient.  <\/p>\n<p>[\/et_pb_text][et_pb_image src=&#8221;https:\/\/www.leviedellacqua.com\/wp-content\/uploads\/2024\/08\/Tipi-di-ruote-idrauliche-Brown-per-di-sopra.png&#8221; alt=&#8221;ruota idraulica per di sopra&#8221; title_text=&#8221;Tipi-di-ruote-idrauliche-Brown-per-di-sopra&#8221; _builder_version=&#8221;4.27.0&#8243; _module_preset=&#8221;default&#8221; width=&#8221;80%&#8221; width_tablet=&#8221;47%&#8221; width_phone=&#8221;69%&#8221; width_last_edited=&#8221;on|tablet&#8221; module_alignment_tablet=&#8221;center&#8221; module_alignment_phone=&#8221;center&#8221; module_alignment_last_edited=&#8221;on|tablet&#8221; global_colors_info=&#8221;{}&#8221;][\/et_pb_image][\/et_pb_column][et_pb_column type=&#8221;1_3&#8243; _builder_version=&#8221;4.27.0&#8243; _module_preset=&#8221;default&#8221; global_colors_info=&#8221;{}&#8221;][et_pb_text _builder_version=&#8221;4.27.0&#8243; _module_preset=&#8221;default&#8221; text_font=&#8221;Atkinson Hyperlegible||||||||&#8221; text_text_color=&#8221;#000000&#8243; text_font_size=&#8221;22px&#8221; text_line_height=&#8221;1.3em&#8221; global_colors_info=&#8221;{}&#8221;]<\/p>\n<p><strong>Ruede idrauliche par sot a paletis<br \/><\/strong>La aghe e m\u00f4f lis palis sburtantlis dal bas. Par otign\u00ee plui risult\u00e2ts cun cheste tecniche si \u00e0 di valut\u00e2 ben trope part di ruede che e \u00e0 di st\u00e2 dentri de aghe. Al \u00e8 un mot\u00f4r p\u00f4c eficient.  <\/p>\n<p>[\/et_pb_text][et_pb_image src=&#8221;https:\/\/www.leviedellacqua.com\/wp-content\/uploads\/2024\/08\/Tipi-di-ruote-idrauliche-Brown-per-di-fianco.png&#8221; alt=&#8221;Ruede idrauliche par in bande&#8221; title_text=&#8221;Tipi-di-ruote-idrauliche-Brown-per-di-fianco&#8221; _builder_version=&#8221;4.27.0&#8243; _module_preset=&#8221;default&#8221; width=&#8221;100%&#8221; width_tablet=&#8221;59%&#8221; width_phone=&#8221;90%&#8221; width_last_edited=&#8221;on|phone&#8221; module_alignment_tablet=&#8221;center&#8221; module_alignment_phone=&#8221;center&#8221; module_alignment_last_edited=&#8221;on|tablet&#8221; global_colors_info=&#8221;{}&#8221;][\/et_pb_image][\/et_pb_column][et_pb_column type=&#8221;1_3&#8243; _builder_version=&#8221;4.27.0&#8243; _module_preset=&#8221;default&#8221; global_colors_info=&#8221;{}&#8221;][et_pb_text _builder_version=&#8221;4.27.0&#8243; _module_preset=&#8221;default&#8221; text_font=&#8221;Atkinson Hyperlegible||||||||&#8221; text_text_color=&#8221;#000000&#8243; text_font_size=&#8221;22px&#8221; text_line_height=&#8221;1.3em&#8221; custom_margin_tablet=&#8221;&#8221; custom_margin_phone=&#8221;||-1px||false|false&#8221; custom_margin_last_edited=&#8221;on|phone&#8221; custom_padding_tablet=&#8221;&#8221; custom_padding_phone=&#8221;||0px||false|false&#8221; custom_padding_last_edited=&#8221;on|phone&#8221; global_colors_info=&#8221;{}&#8221;]<\/p>\n<p><strong>Ruede idrauliche par in bande<br \/><\/strong>E funzione midiant di d\u00f4s fuarcis: la energjie cinetiche e il p\u00eas de aghe. E je mancul eficiente de tecnologjie cu la ruede a cassets. <\/p>\n<p>[\/et_pb_text][et_pb_image src=&#8221;https:\/\/www.leviedellacqua.com\/wp-content\/uploads\/2024\/08\/Tipi-di-ruote-idrauliche-Brown-per-di-sotto.png&#8221; alt=&#8221;ruota idraulica per di sopra&#8221; title_text=&#8221;Tipi-di-ruote-idrauliche-Brown-per-di-sotto&#8221; _builder_version=&#8221;4.27.0&#8243; _module_preset=&#8221;default&#8221; width=&#8221;100%&#8221; width_tablet=&#8221;49%&#8221; width_phone=&#8221;100%&#8221; width_last_edited=&#8221;on|phone&#8221; custom_margin=&#8221;30%||||false|false&#8221; custom_margin_tablet=&#8221;0%||||false|false&#8221; custom_margin_phone=&#8221;0%||||false|false&#8221; custom_margin_last_edited=&#8221;on|phone&#8221; custom_padding_tablet=&#8221;&#8221; custom_padding_phone=&#8221;0px||||false|false&#8221; custom_padding_last_edited=&#8221;on|phone&#8221; module_alignment_tablet=&#8221;center&#8221; module_alignment_phone=&#8221;center&#8221; module_alignment_last_edited=&#8221;on|tablet&#8221; global_colors_info=&#8221;{}&#8221;][\/et_pb_image][\/et_pb_column][\/et_pb_row][\/et_pb_section][et_pb_section fb_built=&#8221;1&#8243; custom_padding_last_edited=&#8221;on|desktop&#8221; _builder_version=&#8221;4.27.0&#8243; _module_preset=&#8221;default&#8221; background_color=&#8221;gcid-5c1d3618-0ead-4c08-94bf-fb49e5deafea&#8221; custom_margin=&#8221;||0px||false|false&#8221; custom_margin_tablet=&#8221;||0px||false|false&#8221; custom_margin_phone=&#8221;||0px||false|false&#8221; custom_margin_last_edited=&#8221;on|desktop&#8221; custom_padding=&#8221;||3%||false|false&#8221; custom_padding_tablet=&#8221;||3%||false|false&#8221; custom_padding_phone=&#8221;5%||||false|false&#8221; global_colors_info=&#8221;{%22gcid-5c1d3618-0ead-4c08-94bf-fb49e5deafea%22:%91%22background_color%22%93}&#8221;][et_pb_row _builder_version=&#8221;4.27.0&#8243; _module_preset=&#8221;default&#8221; global_colors_info=&#8221;{}&#8221;][et_pb_column type=&#8221;4_4&#8243; _builder_version=&#8221;4.27.0&#8243; _module_preset=&#8221;default&#8221; global_colors_info=&#8221;{}&#8221;][et_pb_text _builder_version=&#8221;4.27.0&#8243; _module_preset=&#8221;default&#8221; text_font=&#8221;Atkinson Hyperlegible|700|||||||&#8221; text_text_color=&#8221;#FFFFFF&#8221; text_font_size=&#8221;53px&#8221; text_line_height=&#8221;1em&#8221; custom_margin=&#8221;||5%||false|false&#8221; custom_margin_tablet=&#8221;||5%||false|false&#8221; custom_margin_phone=&#8221;||10%||false|false&#8221; custom_margin_last_edited=&#8221;on|desktop&#8221; text_font_size_tablet=&#8221;53px&#8221; text_font_size_phone=&#8221;44px&#8221; text_font_size_last_edited=&#8221;on|phone&#8221; global_colors_info=&#8221;{}&#8221;]<\/p>\n<p>For Disot e lis s\u00f4s fabrichis idraulichis<\/p>\n<p>[\/et_pb_text][et_pb_text _builder_version=&#8221;4.27.0&#8243; _module_preset=&#8221;default&#8221; text_font=&#8221;Atkinson Hyperlegible||||||||&#8221; text_text_color=&#8221;#FFFFFF&#8221; text_font_size=&#8221;22px&#8221; text_line_height=&#8221;1.3em&#8221; custom_margin=&#8221;-7px||||false|false&#8221; custom_margin_tablet=&#8221;-7px||||false|false&#8221; custom_margin_phone=&#8221;-8px||||false|false&#8221; custom_margin_last_edited=&#8221;on|tablet&#8221; custom_padding=&#8221;||0px||false|false&#8221; global_colors_info=&#8221;{}&#8221;]<\/p>\n<p>Tai agns 1798-1948, dilunc de Roie dai Mulins a funzionavin cuindis fabrichis idraulichis. <br \/>La difusion de energjie eletriche, i mudaments socioeconomics e soredut l&#8217;incendi dai nazifassiscj che al \u00e0 devast\u00e2t il pa\u00ees tal 1944, a \u00e0n fat discompar\u00ee la plui part di chestis struturis.<\/p>\n<p>[\/et_pb_text][\/et_pb_column][\/et_pb_row][et_pb_row column_structure=&#8221;1_3,1_3,1_3&#8243; _builder_version=&#8221;4.27.0&#8243; _module_preset=&#8221;default&#8221; custom_margin=&#8221;||2%||false|false&#8221; global_colors_info=&#8221;{}&#8221;][et_pb_column type=&#8221;1_3&#8243; _builder_version=&#8221;4.27.0&#8243; _module_preset=&#8221;default&#8221; global_colors_info=&#8221;{}&#8221;][et_pb_text _builder_version=&#8221;4.27.0&#8243; _module_preset=&#8221;default&#8221; text_font=&#8221;Atkinson Hyperlegible||||||||&#8221; text_text_color=&#8221;#FFFFFF&#8221; text_font_size=&#8221;22px&#8221; text_line_height=&#8221;1.3em&#8221; custom_margin=&#8221;-7px||||false|false&#8221; custom_margin_tablet=&#8221;-7px||||false|false&#8221; custom_margin_phone=&#8221;-8px||||false|false&#8221; custom_margin_last_edited=&#8221;on|tablet&#8221; custom_padding=&#8221;||0px||false|false&#8221; global_colors_info=&#8221;{}&#8221;]<\/p>\n<p><span style=\"text-decoration: underline;\"><strong>MULIN PAR BLAVIS<\/strong><\/span><\/p>\n<p>Il mulin a muelis al jere un argagn agricul che al permeteve di <strong>masan\u00e2 blavis<\/strong>.<br \/>Al veve <strong>d\u00f4s ruedis di piere<\/strong> une vore dure: une fisse, e une che e zirave.<br \/>La blave, cjariade te tramuele, e colave framie\u00e7 des muelis: passant pal spazi tra lis d\u00f4s ruedis, si masanave deventant farine. Po dopo, si tamesave a man il masan\u00e2t.    <\/p>\n<p>[\/et_pb_text][\/et_pb_column][et_pb_column type=&#8221;1_3&#8243; _builder_version=&#8221;4.27.0&#8243; _module_preset=&#8221;default&#8221; global_colors_info=&#8221;{}&#8221;][et_pb_text _builder_version=&#8221;4.27.0&#8243; _module_preset=&#8221;default&#8221; text_font=&#8221;Atkinson Hyperlegible||||||||&#8221; text_text_color=&#8221;#FFFFFF&#8221; text_font_size=&#8221;22px&#8221; text_line_height=&#8221;1.3em&#8221; custom_margin=&#8221;-7px||||false|false&#8221; custom_margin_tablet=&#8221;-7px||||false|false&#8221; custom_margin_phone=&#8221;-8px||||false|false&#8221; custom_margin_last_edited=&#8221;on|tablet&#8221; custom_padding=&#8221;||0px||false|false&#8221; global_colors_info=&#8221;{}&#8221;]<\/p>\n<p><span style=\"text-decoration: underline;\"><strong>MULIN A PESTEI<\/strong><\/span><\/p>\n<p>Il mulin a pestei al coventave soredut par <strong>gjav\u00e2 vie la glume dal vuardi<\/strong>, <br \/>un gran une vore comun te zone alpine prime che si slargj\u00e0s la coltivazion dal sorc.<br \/>Par solit, cheste tipologjie di mulin e veve un <strong>recipient di piere<\/strong> dul\u00e0 che si metevin i grans e un <strong>pestel di len<\/strong> cu la ponte di fier che si moveve in direzion vertic\u00e2l. Cul moviment e sfreolantsi, i grans si netavin vie dal tegument.  <\/p>\n<p>[\/et_pb_text][\/et_pb_column][et_pb_column type=&#8221;1_3&#8243; _builder_version=&#8221;4.27.0&#8243; _module_preset=&#8221;default&#8221; global_colors_info=&#8221;{}&#8221;][et_pb_text _builder_version=&#8221;4.27.0&#8243; _module_preset=&#8221;default&#8221; text_font=&#8221;Atkinson Hyperlegible||||||||&#8221; text_text_color=&#8221;#FFFFFF&#8221; text_font_size=&#8221;22px&#8221; text_line_height=&#8221;1.3em&#8221; custom_margin=&#8221;-7px||||false|false&#8221; custom_margin_tablet=&#8221;-7px||||false|false&#8221; custom_margin_phone=&#8221;-8px||||false|false&#8221; custom_margin_last_edited=&#8221;on|tablet&#8221; custom_padding=&#8221;||0px||false|false&#8221; global_colors_info=&#8221;{}&#8221;]<\/p>\n<p><span style=\"text-decoration: underline;\"><strong>MAI<\/strong><\/span><\/p>\n<p>Il mai si lu doprave <strong>tes fariis<\/strong>, al jere come un martiel grues che al bateve sul incuin.<br \/>La ruede idrauliche vertic\u00e2l e veve camis su la bree di len che a trasmetevin il moviment rotatori a une grande tr\u00e2f di len che cuss\u00ec e lave indenant e inda\u00fbr. Su la ponte de tr\u00e2f al jere mont\u00e2t un<strong> martiel pesant<\/strong>. Il <strong>fier imbu\u00eet<\/strong> tra l<strong>&#8216;incuin e il martiel<\/strong> si lu modelave fin ae forme che si voleve v\u00ea.   <\/p>\n<p>[\/et_pb_text][\/et_pb_column][\/et_pb_row][et_pb_row column_structure=&#8221;1_3,1_3,1_3&#8243; _builder_version=&#8221;4.27.0&#8243; _module_preset=&#8221;default&#8221; custom_margin=&#8221;||2%||false|false&#8221; global_colors_info=&#8221;{}&#8221;][et_pb_column type=&#8221;1_3&#8243; _builder_version=&#8221;4.27.0&#8243; _module_preset=&#8221;default&#8221; global_colors_info=&#8221;{}&#8221;][et_pb_text _builder_version=&#8221;4.27.0&#8243; _module_preset=&#8221;default&#8221; text_font=&#8221;Atkinson Hyperlegible||||||||&#8221; text_text_color=&#8221;#FFFFFF&#8221; text_font_size=&#8221;22px&#8221; text_line_height=&#8221;1.3em&#8221; custom_margin=&#8221;-7px||||false|false&#8221; custom_margin_tablet=&#8221;-7px||||false|false&#8221; custom_margin_phone=&#8221;-8px||||false|false&#8221; custom_margin_last_edited=&#8221;on|tablet&#8221; custom_padding=&#8221;||0px||false|false&#8221; global_colors_info=&#8221;{}&#8221;]<\/p>\n<p><span style=\"text-decoration: underline;\"><strong>IL FOL<\/strong><\/span><\/p>\n<p>In gjener\u00e2l, il fol al jere fat di une <strong>schirie di vascjis<\/strong> cun grancj martiei mov\u00fbts de fuarce idrauliche.<br \/>A For Disot a \u2018nd jerin doi:<br \/>&#8211; il \u201c<strong>Fol di Sorzent<\/strong>\u201d, che al veve ancje une grande cjalderie, al jere dopr\u00e2t des feminis par lav\u00e2 e inmorbid\u00ee la tele di cjanaipe e i linz\u00fbi.<\/p>\n<p>&#8211; il \u201c<strong>Fol di Paine<\/strong>\u201d dul\u00e0 che si netave e sgarzave la lane grese. Cul\u00ec, in plui, si lavorave il corean par f\u00e2 ghetis e scarpis. <\/p>\n<p>[\/et_pb_text][\/et_pb_column][et_pb_column type=&#8221;1_3&#8243; _builder_version=&#8221;4.27.0&#8243; _module_preset=&#8221;default&#8221; global_colors_info=&#8221;{}&#8221;][et_pb_text _builder_version=&#8221;4.27.0&#8243; _module_preset=&#8221;default&#8221; text_font=&#8221;Atkinson Hyperlegible||||||||&#8221; text_text_color=&#8221;#FFFFFF&#8221; text_font_size=&#8221;22px&#8221; text_line_height=&#8221;1.3em&#8221; custom_margin=&#8221;-7px||||false|false&#8221; custom_margin_tablet=&#8221;-7px||||false|false&#8221; custom_margin_phone=&#8221;-8px||||false|false&#8221; custom_margin_last_edited=&#8221;on|tablet&#8221; custom_padding=&#8221;||0px||false|false&#8221; global_colors_info=&#8221;{}&#8221;]<\/p>\n<p><span style=\"text-decoration: underline;\"><strong>TURBINIS ELETRICHIS<\/strong><\/span><\/p>\n<p>Lis turbinis idraulichis a<strong> mudin la energjie cinetiche de aghe in energjie mecaniche<\/strong>. La alte pression de aghe e f\u00e2s zir\u00e2 lis palis de turbine che a s\u00f4 volte e m\u00f4f un <strong>gjenerad\u00f4r eletric, produsint energjie eletriche<\/strong>.<br \/>A For Disot, tal 1921, e jere state inmaneade la &#8220;<strong>Societ\u00e0 per Azioni industriale &#8211; commerciale Fornese<\/strong>\u201d par produsi energjie eletriche e lavor\u00e2 il len cun tecnologjiis mecanichis. La societ\u00e2t e furnive energjie a dut il pa\u00ees.   <\/p>\n<p>[\/et_pb_text][\/et_pb_column][et_pb_column type=&#8221;1_3&#8243; _builder_version=&#8221;4.27.0&#8243; _module_preset=&#8221;default&#8221; global_colors_info=&#8221;{}&#8221;][et_pb_text _builder_version=&#8221;4.27.0&#8243; _module_preset=&#8221;default&#8221; text_font=&#8221;Atkinson Hyperlegible||||||||&#8221; text_text_color=&#8221;#FFFFFF&#8221; text_font_size=&#8221;22px&#8221; text_line_height=&#8221;1.3em&#8221; custom_margin=&#8221;-7px||||false|false&#8221; custom_margin_tablet=&#8221;-7px||||false|false&#8221; custom_margin_phone=&#8221;-8px||||false|false&#8221; custom_margin_last_edited=&#8221;on|tablet&#8221; custom_padding=&#8221;||0px||false|false&#8221; global_colors_info=&#8221;{}&#8221;]<\/p>\n<p><span style=\"text-decoration: underline;\"><strong>SEE AE VENEZIANE<\/strong><\/span><\/p>\n<p>Te see ae veneziane, la energjie idrauliche e <strong>moveve la see che e trasformave i troncs in breis<\/strong>.<br \/>Une see e jere za ative tal S\u00eescent, &#8220;la Siee&#8221;, logade dilunc dal Tiliment, che <strong>a lavorave par ducj<\/strong>.<br \/>A jere ative par <strong>cuatri m\u00eas ad an<\/strong>; si le afitave, e i condut\u00f4rs a lavin da\u00fbr di un regolament comun\u00e2l che ju obleave a proviodi ae manutenzion e a no lavor\u00e2 il len di sfr\u00f4s.  <\/p>\n<p>[\/et_pb_text][\/et_pb_column][\/et_pb_row][\/et_pb_section][et_pb_section fb_built=&#8221;1&#8243; _builder_version=&#8221;4.27.0&#8243; _module_preset=&#8221;default&#8221; background_color=&#8221;#fffdec&#8221; global_module=&#8221;211&#8243; saved_tabs=&#8221;all&#8221; global_colors_info=&#8221;{}&#8221;][et_pb_row _builder_version=&#8221;4.27.0&#8243; _module_preset=&#8221;default&#8221; custom_margin=&#8221;0px||||false|false&#8221; custom_padding=&#8221;0px||0px||false|false&#8221; global_colors_info=&#8221;{}&#8221;][et_pb_column type=&#8221;4_4&#8243; _builder_version=&#8221;4.27.0&#8243; _module_preset=&#8221;default&#8221; global_colors_info=&#8221;{}&#8221;][et_pb_text _builder_version=&#8221;4.27.0&#8243; _module_preset=&#8221;default&#8221; text_font=&#8221;Atkinson Hyperlegible||||||||&#8221; text_text_color=&#8221;#283583&#8243; text_font_size=&#8221;11px&#8221; text_line_height=&#8221;1.2em&#8221; width=&#8221;100%&#8221; width_tablet=&#8221;100%&#8221; width_phone=&#8221;100%&#8221; width_last_edited=&#8221;on|tablet&#8221; max_width=&#8221;100%&#8221; module_alignment=&#8221;right&#8221; custom_margin=&#8221;|0px||0px|false|false&#8221; custom_margin_tablet=&#8221;|0px||0px|false|false&#8221; custom_margin_phone=&#8221;0px|0px|-10%|0px|false|false&#8221; custom_margin_last_edited=&#8221;on|phone&#8221; custom_padding=&#8221;0px|0px|0px|0px|false|false&#8221; custom_padding_tablet=&#8221;0px||5%||false|false&#8221; custom_padding_phone=&#8221;0px||5%||false|false&#8221; custom_padding_last_edited=&#8221;on|phone&#8221; text_font_size_tablet=&#8221;10px&#8221; text_font_size_phone=&#8221;9px&#8221; text_font_size_last_edited=&#8221;on|phone&#8221; text_orientation_tablet=&#8221;&#8221; text_orientation_phone=&#8221;&#8221; text_orientation_last_edited=&#8221;on|tablet&#8221; module_alignment_tablet=&#8221;left&#8221; module_alignment_phone=&#8221;left&#8221; module_alignment_last_edited=&#8221;on|desktop&#8221; global_colors_info=&#8221;{}&#8221;]<\/p>\n<p style=\"text-align: left;\">Bibliografia:<br \/><strong>Polo E<\/strong>., Toponomastiche di For Disot. Comune di Forni di Sotto, 2003<br \/><strong>Polo E<\/strong>., Forni di Sotto Lotte Fatiche Opere nel 1800. Editrice Aura e Centro Cultura, 1989<br \/><strong>Polo E.<\/strong>, Vocabolari Fornez -Talian, 2018<br \/><strong>Scarin E<\/strong>., La casa rurale nel Friuli. C.N.R., 1943<br \/><strong>Bertossi S<\/strong>., Vecchie case dei Forni Savorgnani. Azienda Autonoma di Soggiorno e Turismo di Forni di Sopra, 1973<br \/>La Carnia di Antonelli &#8211; Ideologia e Realt\u00e0. Centro Editoriale Friulano, 1980<br \/><strong>Scheuermeier P<\/strong>., Il lavoro dei contadini. Cultura materiale e artigianato rurale in Italia e nella Svizzera italiana e retoromanza, Milano 1980, Edizioni Longanesi<\/p>\n<p style=\"text-align: left;\">\n<p style=\"text-align: left;\"><span>Copyright \u00a9 2024 Comune di Forni di Sotto. All Rights Reserved<\/span><\/p>\n<p>[\/et_pb_text][\/et_pb_column][\/et_pb_row][\/et_pb_section][et_pb_section fb_built=&#8221;1&#8243; module_id=&#8221;two-columns-mobile&#8221; _builder_version=&#8221;4.27.0&#8243; _module_preset=&#8221;default&#8221; custom_margin=&#8221;0px||||false|false&#8221; custom_padding=&#8221;0px||||false|false&#8221; saved_tabs=&#8221;all&#8221; global_colors_info=&#8221;{}&#8221;][et_pb_row column_structure=&#8221;1_3,1_3,1_3&#8243; _builder_version=&#8221;4.27.0&#8243; _module_preset=&#8221;default&#8221; module_alignment=&#8221;center&#8221; custom_margin=&#8221;||0px||false|false&#8221; custom_margin_tablet=&#8221;||0px||false|false&#8221; custom_margin_phone=&#8221;|0px||0px|false|false&#8221; custom_margin_last_edited=&#8221;on|phone&#8221; custom_padding=&#8221;|0px||0px|false|false&#8221; module_alignment_tablet=&#8221;center&#8221; module_alignment_phone=&#8221;center&#8221; module_alignment_last_edited=&#8221;on|desktop&#8221; custom_css_free_form=&#8221;two-columns-mobile&#8221; global_colors_info=&#8221;{}&#8221;][et_pb_column type=&#8221;1_3&#8243; _builder_version=&#8221;4.27.0&#8243; _module_preset=&#8221;default&#8221; global_colors_info=&#8221;{}&#8221;][et_pb_image src=&#8221;https:\/\/www.leviedellacqua.com\/wp-content\/uploads\/2024\/08\/Tavola-disegno-1-2.png&#8221; title_text=&#8221;Comune-Forni-di-Sotto&#8221; url=&#8221;https:\/\/www.comune.fornidisotto.ud.it\/&#8221; url_new_window=&#8221;on&#8221; align=&#8221;center&#8221; _builder_version=&#8221;4.27.0&#8243; _module_preset=&#8221;default&#8221; custom_margin=&#8221;0px|0px||-7px|false|false&#8221; custom_margin_tablet=&#8221;&#8221; custom_margin_phone=&#8221;0px|0px|-15px|0px|false|false&#8221; custom_margin_last_edited=&#8221;on|tablet&#8221; module_alignment_tablet=&#8221;&#8221; module_alignment_phone=&#8221;center&#8221; module_alignment_last_edited=&#8221;on|phone&#8221; global_colors_info=&#8221;{}&#8221;][\/et_pb_image][\/et_pb_column][et_pb_column type=&#8221;1_3&#8243; _builder_version=&#8221;4.27.0&#8243; _module_preset=&#8221;default&#8221; global_colors_info=&#8221;{}&#8221;][et_pb_image src=&#8221;https:\/\/www.leviedellacqua.com\/wp-content\/uploads\/2024\/08\/Tavola-disegno-1-copia.png&#8221; title_text=&#8221;Tavola disegno 1 copia&#8221; align=&#8221;center&#8221; align_tablet=&#8221;center&#8221; align_phone=&#8221;center&#8221; align_last_edited=&#8221;on|phone&#8221; _builder_version=&#8221;4.27.0&#8243; _module_preset=&#8221;default&#8221; custom_margin_tablet=&#8221;&#8221; custom_margin_phone=&#8221;-23px|||0px|false|false&#8221; custom_margin_last_edited=&#8221;on|tablet&#8221; custom_padding=&#8221;0px|||||&#8221; global_colors_info=&#8221;{}&#8221;][\/et_pb_image][\/et_pb_column][et_pb_column type=&#8221;1_3&#8243; _builder_version=&#8221;4.27.0&#8243; _module_preset=&#8221;default&#8221; global_colors_info=&#8221;{}&#8221;][et_pb_image src=&#8221;https:\/\/www.leviedellacqua.com\/wp-content\/uploads\/2024\/08\/Tavola-disegno-3.png&#8221; title_text=&#8221;Euro-leader&#8221; url=&#8221;http:\/\/www.euroleader.it\/&#8221; url_new_window=&#8221;on&#8221; show_bottom_space=&#8221;off&#8221; align=&#8221;center&#8221; align_tablet=&#8221;center&#8221; align_phone=&#8221;center&#8221; align_last_edited=&#8221;on|desktop&#8221; _builder_version=&#8221;4.27.0&#8243; _module_preset=&#8221;default&#8221; module_alignment=&#8221;center&#8221; custom_margin_tablet=&#8221;&#8221; custom_margin_phone=&#8221;-33px||-7px|0px|false|false&#8221; custom_margin_last_edited=&#8221;on|phone&#8221; custom_padding=&#8221;|0px||0px|false|false&#8221; custom_padding_tablet=&#8221;||||false|false&#8221; custom_padding_phone=&#8221;0px|0px||0%|false|false&#8221; custom_padding_last_edited=&#8221;on|desktop&#8221; module_alignment_tablet=&#8221;&#8221; module_alignment_phone=&#8221;center&#8221; module_alignment_last_edited=&#8221;on|phone&#8221; global_colors_info=&#8221;{}&#8221;][\/et_pb_image][\/et_pb_column][\/et_pb_row][et_pb_row column_structure=&#8221;1_2,1_2&#8243; _builder_version=&#8221;4.27.0&#8243; _module_preset=&#8221;default&#8221; module_alignment=&#8221;center&#8221; custom_padding=&#8221;2px|||||&#8221; module_alignment_tablet=&#8221;center&#8221; module_alignment_phone=&#8221;center&#8221; module_alignment_last_edited=&#8221;on|desktop&#8221; custom_css_free_form=&#8221;two-columns-mobile&#8221; global_colors_info=&#8221;{}&#8221;][et_pb_column type=&#8221;1_2&#8243; _builder_version=&#8221;4.27.0&#8243; _module_preset=&#8221;default&#8221; global_colors_info=&#8221;{}&#8221;][et_pb_image src=&#8221;https:\/\/www.leviedellacqua.com\/wp-content\/uploads\/2024\/08\/Tavola-disegno-3-copia.png&#8221; title_text=&#8221;Tavola disegno 3 copia&#8221; url=&#8221;https:\/\/www.regione.fvg.it\/rafvg\/cms\/RAFVG\/economia-imprese\/agricoltura-foreste\/psr-programma-sviluppo-rurale\/FOGLIA119\/&#8221; url_new_window=&#8221;on&#8221; align=&#8221;center&#8221; align_tablet=&#8221;center&#8221; align_phone=&#8221;center&#8221; align_last_edited=&#8221;on|desktop&#8221; _builder_version=&#8221;4.27.0&#8243; _module_preset=&#8221;default&#8221; width=&#8221;100%&#8221; width_tablet=&#8221;69%&#8221; width_phone=&#8221;&#8221; width_last_edited=&#8221;on|tablet&#8221; module_alignment=&#8221;center&#8221; custom_margin=&#8221;0px||0px||false|false&#8221; custom_padding=&#8221;0%||||false|false&#8221; custom_padding_tablet=&#8221;0%||||false|false&#8221; custom_padding_phone=&#8221;0%||||false|false&#8221; custom_padding_last_edited=&#8221;on|tablet&#8221; module_alignment_tablet=&#8221;center&#8221; module_alignment_phone=&#8221;center&#8221; module_alignment_last_edited=&#8221;on|tablet&#8221; global_colors_info=&#8221;{}&#8221;][\/et_pb_image][\/et_pb_column][et_pb_column type=&#8221;1_2&#8243; _builder_version=&#8221;4.27.0&#8243; _module_preset=&#8221;default&#8221; global_colors_info=&#8221;{}&#8221;][et_pb_image src=&#8221;https:\/\/www.leviedellacqua.com\/wp-content\/uploads\/2025\/07\/gsrTavola-disegno-2-1.png&#8221; title_text=&#8221;gsrTavola disegno 2&#8243; url=&#8221;https:\/\/arlef.it\/it\/&#8221; url_new_window=&#8221;on&#8221; show_bottom_space=&#8221;off&#8221; align=&#8221;center&#8221; align_tablet=&#8221;center&#8221; align_phone=&#8221;center&#8221; align_last_edited=&#8221;on|tablet&#8221; _builder_version=&#8221;4.27.0&#8243; _module_preset=&#8221;default&#8221; width=&#8221;62%&#8221; width_tablet=&#8221;62%&#8221; width_phone=&#8221;84%&#8221; width_last_edited=&#8221;on|desktop&#8221; module_alignment=&#8221;center&#8221; custom_margin_tablet=&#8221;&#8221; custom_margin_phone=&#8221;|||0px|false|false&#8221; custom_margin_last_edited=&#8221;on|phone&#8221; custom_padding=&#8221;|0px||0px|false|false&#8221; custom_padding_tablet=&#8221;||||false|false&#8221; custom_padding_phone=&#8221;24px|0px||0.3%|false|false&#8221; custom_padding_last_edited=&#8221;on|desktop&#8221; hover_enabled=&#8221;0&#8243; module_alignment_tablet=&#8221;&#8221; module_alignment_phone=&#8221;center&#8221; module_alignment_last_edited=&#8221;on|phone&#8221; global_colors_info=&#8221;{}&#8221; sticky_enabled=&#8221;0&#8243;][\/et_pb_image][\/et_pb_column][\/et_pb_row][et_pb_row _builder_version=&#8221;4.27.0&#8243; _module_preset=&#8221;default&#8221; custom_margin=&#8221;0px||||false|false&#8221; custom_padding=&#8221;0px||0px||false|false&#8221; global_colors_info=&#8221;{}&#8221;][et_pb_column type=&#8221;4_4&#8243; _builder_version=&#8221;4.27.0&#8243; _module_preset=&#8221;default&#8221; global_colors_info=&#8221;{}&#8221;][et_pb_text _builder_version=&#8221;4.27.0&#8243; _module_preset=&#8221;default&#8221; text_font=&#8221;Atkinson Hyperlegible||||||||&#8221; text_text_color=&#8221;#283583&#8243; text_font_size=&#8221;11px&#8221; text_line_height=&#8221;1.2em&#8221; header_text_align=&#8221;center&#8221; text_orientation=&#8221;center&#8221; width=&#8221;100%&#8221; width_tablet=&#8221;100%&#8221; width_phone=&#8221;100%&#8221; width_last_edited=&#8221;on|tablet&#8221; max_width=&#8221;100%&#8221; module_alignment=&#8221;right&#8221; custom_margin=&#8221;|0px||0px|false|false&#8221; custom_margin_tablet=&#8221;|0px||0px|false|false&#8221; custom_margin_phone=&#8221;0px|0px|-10%|0px|false|false&#8221; custom_margin_last_edited=&#8221;on|phone&#8221; custom_padding=&#8221;0px|0px|0px|0px|false|false&#8221; custom_padding_tablet=&#8221;0px||5%||false|false&#8221; custom_padding_phone=&#8221;0px||5%||false|false&#8221; custom_padding_last_edited=&#8221;on|phone&#8221; text_font_size_tablet=&#8221;10px&#8221; text_font_size_phone=&#8221;9px&#8221; text_font_size_last_edited=&#8221;on|phone&#8221; text_orientation_tablet=&#8221;&#8221; text_orientation_phone=&#8221;center&#8221; text_orientation_last_edited=&#8221;on|tablet&#8221; module_alignment_tablet=&#8221;left&#8221; module_alignment_phone=&#8221;left&#8221; module_alignment_last_edited=&#8221;on|desktop&#8221; global_colors_info=&#8221;{}&#8221;]<\/p>\n<p style=\"text-align: center;\"><span>Copyright \u00a9 2024 Comune di Forni di Sotto. All Rights Reserved | <a href=\"https:\/\/www.leviedellacqua.com\/privacy-policy\">Privacy Policy<\/a><\/span><\/p>\n<p>[\/et_pb_text][\/et_pb_column][\/et_pb_row][\/et_pb_section]<\/p>\n","protected":false},"excerpt":{"rendered":"<p>Lis Stradis des AghisIl Mulin di Lalo CaroteCan\u00e2l di len e ruede a cassets &#8211; 1929 Fotografie fate in ocasion de Ricognizion pe compilazion dal &#8220;Atlante Linguistico Italiano&#8221;Foto \u00a9 Archivi Fotografic Societ\u00e2t Filologjiche Furlane &#8211; Font Ugo Pellis Il mulinIl mulin al \u00e8 un edifici log\u00e2t simpri dongje di un cors di aghe: cheste, derivade [&hellip;]<\/p>\n","protected":false},"author":1,"featured_media":0,"parent":0,"menu_order":0,"comment_status":"closed","ping_status":"closed","template":"","meta":{"_et_pb_use_builder":"on","_et_pb_old_content":"","_et_gb_content_width":"","footnotes":""},"class_list":["post-429","page","type-page","status-publish","hentry"],"_links":{"self":[{"href":"https:\/\/www.leviedellacqua.com\/fu\/wp-json\/wp\/v2\/pages\/429","targetHints":{"allow":["GET"]}}],"collection":[{"href":"https:\/\/www.leviedellacqua.com\/fu\/wp-json\/wp\/v2\/pages"}],"about":[{"href":"https:\/\/www.leviedellacqua.com\/fu\/wp-json\/wp\/v2\/types\/page"}],"author":[{"embeddable":true,"href":"https:\/\/www.leviedellacqua.com\/fu\/wp-json\/wp\/v2\/users\/1"}],"replies":[{"embeddable":true,"href":"https:\/\/www.leviedellacqua.com\/fu\/wp-json\/wp\/v2\/comments?post=429"}],"version-history":[{"count":7,"href":"https:\/\/www.leviedellacqua.com\/fu\/wp-json\/wp\/v2\/pages\/429\/revisions"}],"predecessor-version":[{"id":493,"href":"https:\/\/www.leviedellacqua.com\/fu\/wp-json\/wp\/v2\/pages\/429\/revisions\/493"}],"wp:attachment":[{"href":"https:\/\/www.leviedellacqua.com\/fu\/wp-json\/wp\/v2\/media?parent=429"}],"curies":[{"name":"wp","href":"https:\/\/api.w.org\/{rel}","templated":true}]}}